{"id":810,"date":"2025-08-11T13:42:42","date_gmt":"2025-08-11T13:42:42","guid":{"rendered":"https:\/\/dev1.layertre.it\/?page_id=810"},"modified":"2025-08-11T14:56:27","modified_gmt":"2025-08-11T14:56:27","slug":"lentrata-in-guerra-dellitalia-e-le-prime-emergenze-sanitarie","status":"publish","type":"page","link":"https:\/\/www.universitacastrense.eu\/index.php\/lentrata-in-guerra-dellitalia-e-le-prime-emergenze-sanitarie\/","title":{"rendered":"L&#8217;entrata in guerra dell&#8217;Italia e le prime emergenze sanitarie"},"content":{"rendered":"<p>[et_pb_section fb_built=&#8221;1&#8243; admin_label=&#8221;Header&#8221; _builder_version=&#8221;4.27.4&#8243; _module_preset=&#8221;4d954f1d-69c5-4f0f-a70c-242440b418f6&#8243; background_color=&#8221;rgba(20,20,20,0.46)&#8221; use_background_color_gradient=&#8221;off&#8221; background_image=&#8221;https:\/\/universitacastrense.eu\/wp-content\/uploads\/2025\/07\/015-Il-prof.-Ascoli-al-lavoro-a-Centro-Batteriologico-della-Terza-Armata-di-SGN-1024&#215;689-1.jpg&#8221; background_enable_image=&#8221;on&#8221; background_blend=&#8221;multiply&#8221; collapsed=&#8221;on&#8221; global_colors_info=&#8221;{%22gcid-1f1bf5fb-a99d-4acc-8d9e-ddac074c158c%22:%91%22background_color_gradient_stops%22,%22background_color_gradient_stops%22%93,%22gcid-4c79ba3d-a281-4fb6-9b14-02f9a4c793f2%22:%91%22background_color_gradient_stops%22,%22background_color_gradient_stops%22%93,%22gcid-688c464a-d6f2-4296-b592-395352c71c79%22:%91%22background_color_gradient_stops%22,%22background_color_gradient_stops%22%93,%22gcid-d119accd-44d7-4f2f-b9d7-599c8463324b%22:%91%22background_color_gradient_stops%22,%22background_color_gradient_stops%22%93}&#8221;][et_pb_row _builder_version=&#8221;4.25.1&#8243; _module_preset=&#8221;default&#8221; global_colors_info=&#8221;{}&#8221;][et_pb_column type=&#8221;4_4&#8243; _builder_version=&#8221;4.25.1&#8243; _module_preset=&#8221;default&#8221; global_colors_info=&#8221;{}&#8221;][et_pb_heading title=&#8221;L\u02bcentrata in guerra dell\u02bcItalia e le prime emergenze sanitarie&#8221; _builder_version=&#8221;4.27.4&#8243; _module_preset=&#8221;e124da90-24ae-4e5e-b911-9e7686e707c5&#8243; title_text_align=&#8221;center&#8221; title_text_color=&#8221;#FFFFFF&#8221; custom_margin=&#8221;||10px||false|false&#8221; global_colors_info=&#8221;{}&#8221;][\/et_pb_heading][\/et_pb_column][\/et_pb_row][et_pb_row column_structure=&#8221;1_3,1_3,1_3&#8243; use_custom_gutter=&#8221;on&#8221; gutter_width=&#8221;2&#8243; make_equal=&#8221;on&#8221; _builder_version=&#8221;4.27.4&#8243; _module_preset=&#8221;default&#8221; global_colors_info=&#8221;{}&#8221;][et_pb_column type=&#8221;1_3&#8243; _builder_version=&#8221;4.27.4&#8243; _module_preset=&#8221;117e46ea-81d3-47bf-bb9d-fe3c048d5057&#8243; global_colors_info=&#8221;{}&#8221;][et_pb_heading title=&#8221;L&#8217;antefatto&#8221; url=&#8221;https:\/\/universitacastrense.eu\/index.php\/lentrata-in-guerra-dellitalia-e-le-prime-emergenze-sanitarie\/\/#genesi&#8221; _builder_version=&#8221;4.27.4&#8243; _module_preset=&#8221;default&#8221; global_colors_info=&#8221;{}&#8221;][\/et_pb_heading][\/et_pb_column][et_pb_column type=&#8221;1_3&#8243; _builder_version=&#8221;4.27.4&#8243; _module_preset=&#8221;117e46ea-81d3-47bf-bb9d-fe3c048d5057&#8243; global_colors_info=&#8221;{}&#8221;][et_pb_heading title=&#8221;Come lumache&#8221; url=&#8221;https:\/\/universitacastrense.eu\/index.php\/lentrata-in-guerra-dellitalia-e-le-prime-emergenze-sanitarie\/\/#pietro-giacosa&#8221; _builder_version=&#8221;4.27.4&#8243; _module_preset=&#8221;default&#8221; global_colors_info=&#8221;{}&#8221;][\/et_pb_heading][\/et_pb_column][et_pb_column type=&#8221;1_3&#8243; _builder_version=&#8221;4.25.2&#8243; _module_preset=&#8221;117e46ea-81d3-47bf-bb9d-fe3c048d5057&#8243; global_colors_info=&#8221;{}&#8221;][et_pb_heading title=&#8221;Nella grande fornace ardente&#8221; url=&#8221;https:\/\/universitacastrense.eu\/index.php\/lentrata-in-guerra-dellitalia-e-le-prime-emergenze-sanitarie\/#tusini&#8221; _builder_version=&#8221;4.27.4&#8243; _module_preset=&#8221;default&#8221; custom_margin=&#8221;|-25px|||false|false&#8221; global_colors_info=&#8221;{}&#8221;][\/et_pb_heading][\/et_pb_column][\/et_pb_row][et_pb_row column_structure=&#8221;1_3,1_3,1_3&#8243; make_equal=&#8221;on&#8221; _builder_version=&#8221;4.27.4&#8243; _module_preset=&#8221;default&#8221; global_colors_info=&#8221;{}&#8221;][et_pb_column type=&#8221;1_3&#8243; _builder_version=&#8221;4.25.2&#8243; _module_preset=&#8221;117e46ea-81d3-47bf-bb9d-fe3c048d5057&#8243; global_colors_info=&#8221;{}&#8221;][et_pb_heading title=&#8221;Il colera&#8221; url=&#8221;https:\/\/universitacastrense.eu\/index.php\/lentrata-in-guerra-dellitalia-e-le-prime-emergenze-sanitarie\/#minerva&#8221; _builder_version=&#8221;4.27.4&#8243; _module_preset=&#8221;default&#8221; custom_margin=&#8221;||||false|false&#8221; custom_padding=&#8221;||||false|false&#8221; global_colors_info=&#8221;{}&#8221;][\/et_pb_heading][\/et_pb_column][et_pb_column type=&#8221;1_3&#8243; _builder_version=&#8221;4.25.2&#8243; _module_preset=&#8221;117e46ea-81d3-47bf-bb9d-fe3c048d5057&#8243; global_colors_info=&#8221;{}&#8221;][et_pb_heading title=&#8221;La guerra breve s&#8217;impantana&#8221; url=&#8221;https:\/\/universitacastrense.eu\/index.php\/lentrata-in-guerra-dellitalia-e-le-prime-emergenze-sanitarie\/#foa&#8221; _builder_version=&#8221;4.27.4&#8243; _module_preset=&#8221;default&#8221; global_colors_info=&#8221;{}&#8221;][\/et_pb_heading][\/et_pb_column][et_pb_column type=&#8221;1_3&#8243; _builder_version=&#8221;4.27.4&#8243; _module_preset=&#8221;117e46ea-81d3-47bf-bb9d-fe3c048d5057&#8243; background_enable_color=&#8221;off&#8221; global_colors_info=&#8221;{}&#8221;][\/et_pb_column][\/et_pb_row][et_pb_row column_structure=&#8221;1_6,1_6,1_6,1_6,1_6,1_6&#8243; _builder_version=&#8221;4.27.4&#8243; _module_preset=&#8221;default&#8221; global_colors_info=&#8221;{}&#8221;][et_pb_column type=&#8221;1_6&#8243; _builder_version=&#8221;4.27.4&#8243; _module_preset=&#8221;default&#8221; global_colors_info=&#8221;{}&#8221;][\/et_pb_column][et_pb_column type=&#8221;1_6&#8243; _builder_version=&#8221;4.27.4&#8243; _module_preset=&#8221;default&#8221; global_colors_info=&#8221;{}&#8221;][\/et_pb_column][et_pb_column type=&#8221;1_6&#8243; _builder_version=&#8221;4.27.4&#8243; _module_preset=&#8221;default&#8221; global_colors_info=&#8221;{}&#8221;][\/et_pb_column][et_pb_column type=&#8221;1_6&#8243; _builder_version=&#8221;4.27.4&#8243; _module_preset=&#8221;default&#8221; global_colors_info=&#8221;{}&#8221;][\/et_pb_column][et_pb_column type=&#8221;1_6&#8243; _builder_version=&#8221;4.27.4&#8243; _module_preset=&#8221;default&#8221; global_colors_info=&#8221;{}&#8221;][\/et_pb_column][et_pb_column type=&#8221;1_6&#8243; _builder_version=&#8221;4.27.4&#8243; _module_preset=&#8221;default&#8221; global_colors_info=&#8221;{}&#8221;][\/et_pb_column][\/et_pb_row][\/et_pb_section][et_pb_section fb_built=&#8221;1&#8243; admin_label=&#8221;About&#8221; _builder_version=&#8221;4.25.1&#8243; _module_preset=&#8221;default&#8221; collapsed=&#8221;on&#8221; global_colors_info=&#8221;{}&#8221;][et_pb_row admin_label=&#8221;genesi&#8221; module_id=&#8221;genesi&#8221; _builder_version=&#8221;4.27.4&#8243; _module_preset=&#8221;default&#8221; global_colors_info=&#8221;{}&#8221;][et_pb_column type=&#8221;4_4&#8243; _builder_version=&#8221;4.25.1&#8243; _module_preset=&#8221;default&#8221; global_colors_info=&#8221;{}&#8221;][et_pb_heading title=&#8221;1 &#8211; L\u02bcantefatto: alle tre di notte del 24 maggio 1915, un colpo sparato nella Laguna di Marano\u2026&#8221; _builder_version=&#8221;4.27.4&#8243; _module_preset=&#8221;c33f07d9-41e0-421a-8799-5799df695cce&#8221; title_level=&#8221;h2&#8243; title_font=&#8221;Cormorant Garamond|Cormorant Garamond_weight|||||||&#8221; title_text_color=&#8221;#0e0c19&#8243; title_font_size=&#8221;50px&#8221; title_line_height=&#8221;1.2em&#8221; custom_margin=&#8221;||10px||false|false&#8221; title_font_size_tablet=&#8221;28px&#8221; title_font_size_phone=&#8221;20px&#8221; title_font_size_last_edited=&#8221;on|phone&#8221; global_colors_info=&#8221;{}&#8221;][\/et_pb_heading][\/et_pb_column][\/et_pb_row][et_pb_row _builder_version=&#8221;4.27.4&#8243; _module_preset=&#8221;default&#8221; global_colors_info=&#8221;{}&#8221;][et_pb_column type=&#8221;4_4&#8243; _builder_version=&#8221;4.27.4&#8243; _module_preset=&#8221;default&#8221; global_colors_info=&#8221;{}&#8221;][et_pb_text quote_border_color=&#8221;#bf3900&#8243; _builder_version=&#8221;4.27.4&#8243; _module_preset=&#8221;2c55a9c4-feed-423b-9edb-ae0b5b365cac&#8221; text_font=&#8221;Proza Libre|Proza Libre_weight|||||||&#8221; text_text_color=&#8221;#3c3a47&#8243; text_font_size=&#8221;16px&#8221; text_line_height=&#8221;1.75em&#8221; link_font=&#8221;|Proza Libre_weight|||||||&#8221; link_text_color=&#8221;#03045e&#8221; quote_font=&#8221;Cormorant Garamond|Cormorant Garamond_weight|||||||&#8221; quote_text_color=&#8221;#0e0c19&#8243; header_font=&#8221;Cormorant Garamond|Cormorant Garamond_weight|||||||&#8221; header_text_color=&#8221;#0e0c19&#8243; header_font_size=&#8221;72px&#8221; header_line_height=&#8221;1.15em&#8221; header_2_font=&#8221;Cormorant Garamond|Cormorant Garamond_weight|||||||&#8221; header_2_text_color=&#8221;#0e0c19&#8243; header_2_font_size=&#8221;50px&#8221; header_2_line_height=&#8221;1.2em&#8221; header_3_font=&#8221;Cormorant Garamond|Cormorant Garamond_weight|||||||&#8221; header_3_text_color=&#8221;#0e0c19&#8243; header_3_font_size=&#8221;32px&#8221; header_3_line_height=&#8221;1.3em&#8221; header_4_font=&#8221;Cormorant Garamond|Cormorant Garamond_weight|||||||&#8221; header_4_text_color=&#8221;#0e0c19&#8243; header_4_font_size=&#8221;24px&#8221; header_4_line_height=&#8221;1.4em&#8221; header_5_font=&#8221;Cormorant Garamond|Cormorant Garamond_weight|||||||&#8221; header_5_text_color=&#8221;#0e0c19&#8243; header_5_font_size=&#8221;18px&#8221; header_5_line_height=&#8221;1.4em&#8221; header_6_font=&#8221;Cormorant Garamond|Cormorant Garamond_weight|||||||&#8221; header_6_text_color=&#8221;#0e0c19&#8243; header_6_line_height=&#8221;1.5em&#8221; custom_margin=&#8221;||||false|false&#8221; text_font_size_tablet=&#8221;15px&#8221; text_font_size_phone=&#8221;14px&#8221; text_font_size_last_edited=&#8221;on|phone&#8221; header_font_size_tablet=&#8221;40px&#8221; header_font_size_phone=&#8221;24px&#8221; header_font_size_last_edited=&#8221;on|desktop&#8221; header_2_font_size_tablet=&#8221;28px&#8221; header_2_font_size_phone=&#8221;20px&#8221; header_2_font_size_last_edited=&#8221;on|phone&#8221; header_3_font_size_tablet=&#8221;22px&#8221; header_3_font_size_phone=&#8221;17px&#8221; header_3_font_size_last_edited=&#8221;on|phone&#8221; header_4_font_size_tablet=&#8221;18px&#8221; header_4_font_size_phone=&#8221;15px&#8221; header_4_font_size_last_edited=&#8221;on|tablet&#8221; header_5_font_size_tablet=&#8221;15px&#8221; header_5_font_size_phone=&#8221;14px&#8221; header_5_font_size_last_edited=&#8221;on|desktop&#8221; header_6_font_size_tablet=&#8221;13px&#8221; header_6_font_size_phone=&#8221;13px&#8221; header_6_font_size_last_edited=&#8221;on|desktop&#8221; global_colors_info=&#8221;{}&#8221;]<\/p>\n<section class=\"capsule padded site-section scrollspy_anchor\" id=\"s1\">\n<p>I colpi sparati nella notte tra il 23 e il 24 maggio 1915 dal cacciatorpediniere italiano<span>\u00a0<\/span><em>Zeffiro<span>\u00a0<\/span><\/em>contro il presidio di Porto Buso alla foce dell\u2019Aussa, ultima<span>\u00a0<\/span><em>sentinella<span>\u00a0<\/span><\/em>austriaca nella laguna di Grado e Marano, sul confine<span>\u00a0<\/span><em>liquido<span>\u00a0<\/span><\/em>con l\u2019Italia, posero la parola \u00abfine\u00bb anche alla periferica<span>\u00a0<\/span><em>belle \u00e9poque<span>\u00a0<\/span><\/em>di San Giorgio di Nogaro; cittadina posta al centro della Bassa Friulana. Gli eventi del mondo \u2018grande\u2019 erano cos\u00ec precipitati anche su questo mondo \u2018piccolo\u2019<sup class=\"modal-trigger\" data-modal=\"#_ftn1\">1<\/sup>: essenzialmente uno snodo comunicativo stradale, ferroviario e portuale collegato al mare attraverso la laguna di Marano. L\u2019<em>essere sulla frontiera<span>\u00a0<\/span><\/em>aveva reso San Giorgio di Nogaro strategica dal punto di vista geografico e ci\u00f2 aveva contribuito a farne una realt\u00e0 in forte espansione economica, con ampi spazi acquisiti al centro storico e non ancora urbanizzati. Queste condizioni preliminari fecero in modo che allo scoppio della guerra, le vaste aree agibili potessero essere adibite a insediamenti militari, cos\u00ec che San Giorgio fu trasformata in una grande<span>\u00a0<\/span><em>citt\u00e0-ospedale,<span>\u00a0<\/span><\/em>diffusa a larghe maglie su tutto il territorio; condizione che a sua volta fu determinante per il successivo insediamento (1916-1917) di un<span>\u00a0<\/span><em>campus<span>\u00a0<\/span><\/em>universitario-militare di Medicina e chirurgia: la cosiddetta<span>\u00a0<\/span><em>Universit\u00e0 Castrense.<\/em><\/p>\n<p>Nei chiaroscuri di un\u2019esperienza<span>\u00a0<\/span><em>liminare,<\/em><span>\u00a0<\/span>consentita dalle pressanti emergenze sanitarie di una<span>\u00a0<\/span><em>guerra-carnaio<\/em>, questa Scuola<span>\u00a0<\/span><em>al campo<span>\u00a0<\/span><\/em>avrebbe dato all\u2019Italia una nuova generazione di medici formati in un breve e serrato percorso terminale di studi, permeato da un inedito intreccio tra l\u2019insegnamento teorico e un approccio pratico-esperienziale a una casistica di malattie, ferite, traumi,<span>\u00a0<\/span><em>corpi<span>\u00a0<\/span><\/em>che, per numero e variet\u00e0, nessuna universit\u00e0 italiana era stata fino allora in grado di poter affrontare.<\/p>\n<p>A maggio 1917 l\u2019Universit\u00e0<span>\u00a0<\/span><em>Castrense<\/em><span>\u00a0<\/span>di Padova, che aveva inglobato come propria sezione staccata anche i corsi di San Giorgio di Nogaro, laure\u00f2 534 nuovi medici (rispettivamente 467 studenti frequentanti la sede friulana e 67 quella patavina); un numero significativo, considerato che nell\u2019anno accademico 1913-1914 l\u2019intero sistema delle universit\u00e0 italiane aveva conferito 656 lauree in Medicina,<sup class=\"modal-trigger\" data-modal=\"#_ftn2\">2<\/sup><span>\u00a0<\/span>su un numero complessivo di circa 4.500 iscritti.<\/p>\n<\/section>\n<section class=\"capsule padded site-section scrollspy_anchor\" id=\"s2\"><\/section>\n<p>[\/et_pb_text][\/et_pb_column][\/et_pb_row][et_pb_row column_structure=&#8221;1_2,1_2&#8243; admin_label=&#8221;PietroGiacosa&#8221; module_id=&#8221;pietro-giacosa&#8221; _builder_version=&#8221;4.27.4&#8243; _module_preset=&#8221;default&#8221; global_colors_info=&#8221;{}&#8221;][et_pb_column type=&#8221;1_2&#8243; _builder_version=&#8221;4.25.1&#8243; _module_preset=&#8221;default&#8221; global_colors_info=&#8221;{}&#8221;][et_pb_heading title=&#8221;2 &#8211; Uomini ritratti nelle trincee\/come lumache nel loro guscio3&#8243; _builder_version=&#8221;4.27.4&#8243; _module_preset=&#8221;c33f07d9-41e0-421a-8799-5799df695cce&#8221; title_level=&#8221;h2&#8243; title_font=&#8221;Cormorant Garamond|Cormorant Garamond_weight|||||||&#8221; title_text_color=&#8221;#0e0c19&#8243; title_font_size=&#8221;50px&#8221; title_line_height=&#8221;1.2em&#8221; custom_margin=&#8221;||10px||false|false&#8221; title_font_size_tablet=&#8221;28px&#8221; title_font_size_phone=&#8221;20px&#8221; title_font_size_last_edited=&#8221;on|phone&#8221; global_colors_info=&#8221;{}&#8221;][\/et_pb_heading][\/et_pb_column][et_pb_column type=&#8221;1_2&#8243; _builder_version=&#8221;4.25.1&#8243; _module_preset=&#8221;default&#8221; global_colors_info=&#8221;{}&#8221;][et_pb_text quote_border_color=&#8221;#bf3900&#8243; _builder_version=&#8221;4.27.4&#8243; _module_preset=&#8221;2c55a9c4-feed-423b-9edb-ae0b5b365cac&#8221; text_font=&#8221;Proza Libre|Proza Libre_weight|||||||&#8221; text_text_color=&#8221;#3c3a47&#8243; text_font_size=&#8221;16px&#8221; text_line_height=&#8221;1.75em&#8221; link_font=&#8221;|Proza Libre_weight|||||||&#8221; link_text_color=&#8221;#03045e&#8221; quote_font=&#8221;Cormorant Garamond|Cormorant Garamond_weight|||||||&#8221; quote_text_color=&#8221;#0e0c19&#8243; header_font=&#8221;Cormorant Garamond|Cormorant Garamond_weight|||||||&#8221; header_text_color=&#8221;#0e0c19&#8243; header_font_size=&#8221;72px&#8221; header_line_height=&#8221;1.15em&#8221; header_2_font=&#8221;Cormorant Garamond|Cormorant Garamond_weight|||||||&#8221; header_2_text_color=&#8221;#0e0c19&#8243; header_2_font_size=&#8221;50px&#8221; header_2_line_height=&#8221;1.2em&#8221; header_3_font=&#8221;Cormorant Garamond|Cormorant Garamond_weight|||||||&#8221; header_3_text_color=&#8221;#0e0c19&#8243; header_3_font_size=&#8221;32px&#8221; header_3_line_height=&#8221;1.3em&#8221; header_4_font=&#8221;Cormorant Garamond|Cormorant Garamond_weight|||||||&#8221; header_4_text_color=&#8221;#0e0c19&#8243; header_4_font_size=&#8221;24px&#8221; header_4_line_height=&#8221;1.4em&#8221; header_5_font=&#8221;Cormorant Garamond|Cormorant Garamond_weight|||||||&#8221; header_5_text_color=&#8221;#0e0c19&#8243; header_5_font_size=&#8221;18px&#8221; header_5_line_height=&#8221;1.4em&#8221; header_6_font=&#8221;Cormorant Garamond|Cormorant Garamond_weight|||||||&#8221; header_6_text_color=&#8221;#0e0c19&#8243; header_6_line_height=&#8221;1.5em&#8221; custom_margin=&#8221;||||false|false&#8221; text_font_size_tablet=&#8221;15px&#8221; text_font_size_phone=&#8221;14px&#8221; text_font_size_last_edited=&#8221;on|phone&#8221; header_font_size_tablet=&#8221;40px&#8221; header_font_size_phone=&#8221;24px&#8221; header_font_size_last_edited=&#8221;on|desktop&#8221; header_2_font_size_tablet=&#8221;28px&#8221; header_2_font_size_phone=&#8221;20px&#8221; header_2_font_size_last_edited=&#8221;on|phone&#8221; header_3_font_size_tablet=&#8221;22px&#8221; header_3_font_size_phone=&#8221;17px&#8221; header_3_font_size_last_edited=&#8221;on|phone&#8221; header_4_font_size_tablet=&#8221;18px&#8221; header_4_font_size_phone=&#8221;15px&#8221; header_4_font_size_last_edited=&#8221;on|tablet&#8221; header_5_font_size_tablet=&#8221;15px&#8221; header_5_font_size_phone=&#8221;14px&#8221; header_5_font_size_last_edited=&#8221;on|desktop&#8221; header_6_font_size_tablet=&#8221;13px&#8221; header_6_font_size_phone=&#8221;13px&#8221; header_6_font_size_last_edited=&#8221;on|desktop&#8221; global_colors_info=&#8221;{}&#8221;]<\/p>\n<p>Nel momento in cui deflagra, la convinzione diffusa \u00e8 che sar\u00e0 un conflitto breve, quasi indolore. Di breve la guerra, per\u00f2, avr\u00e0 solo il tempo di<span>\u00a0<\/span><em>impantanarsi,<span>\u00a0<\/span><\/em>diventando la<span>\u00a0<\/span><em>Grande Guerra<span>\u00a0<\/span><\/em>(quasi una sorta d\u2019infinito<span>\u00a0<\/span><em>non finire<\/em>), che trasformer\u00e0 nell\u2019arco di pochi mesi anche il microcosmo di San Giorgio di Nogaro in arsenale della III Armata dotato di uffici militari, dormitori per soldati, depositi di vettovaglie e di mezzi e soprattutto di strutture sanitarie, con una capacit\u00e0 valutata all\u2019acme del conflitto in circa 3.000 posti-letto, in una realt\u00e0 con una popolazione di circa 6.400 unit\u00e0. Il paese, pur di retrovia, aveva la guerra<span>\u00a0<\/span><em>in<span>\u00a0<\/span><\/em><em>casa.<span>\u00a0<\/span><\/em>Guerra portata<span>\u00a0<\/span><em>dentro<span>\u00a0<\/span><\/em>dai corpi devastati di migliaia di soldati che gli ospedali cercavano di<span>\u00a0<\/span><em>riparare<\/em><span>\u00a0<\/span>per poi restituirli al fronte; pezzi di carne<span>\u00a0<\/span><em>aggiustata<span>\u00a0<\/span><\/em>rimandati al cospetto di una morte quasi certa e gi\u00e0 intuita nei lettini di quegli stessi ospedali, sentendo i boati dei cannoni che sparavano sul Carso e intravedendo i bagliori dei combattimenti durante le ripetute incursioni aeree subite da San Giorgio.<\/p>\n<p>Su questo paese di retrovia, infatti, veniva incanalata parte consistente della sequenza dei feriti nelle battaglie dell\u2019Isonzo; battaglie che avrebbero da subito disvelato la terribile realt\u00e0 della guerra \u2018moderna\u2019 e dissolto l\u2019incauta speranza di una \u00abfacile vittoria\u00bb. La Sanit\u00e0 Militare e la Croce Rossa Italiana furono travolte da quella dolorosa marea, cos\u00ec che divent\u00f2 indispensabile utilizzare sempre pi\u00f9 intensivamente anche gli studenti agli ultimi anni di medicina, la cui operativit\u00e0 era ormai indispensabile a supporto dei pochi ufficiali medici operanti sulla linea del fronte. All\u2019entrata in guerra, infatti, l\u2019Esercito italiano aveva reclutato anche gli studenti delle classi di leva, cos\u00ec da rendere di fatto deserte le aule di tutte le facolt\u00e0, comprese quelle di Medicina. L\u2019organizzazione della Sanit\u00e0 Militare, ancora modellata sugli schemi operativi dei conflitti ottocenteschi, rivel\u00f2 d\u2019acchito la propria insufficienza numerica nei confronti delle dimensioni subito assunte dal conflitto. Paradossalmente gli eserciti e gli apparati, che erano stati addestrati e predisposti come se avessero dovuto combattere<span>\u00a0<\/span><em>l\u2019ultima guerra,<span>\u00a0<\/span><\/em>si trovarono a scendere in campo quasi a combattere la<span>\u00a0<\/span><em>prossima<\/em>: esito micidiale di un\u2019et\u00e0 di progresso tecnologico e scientifico applicato anche al campo militare.<sup class=\"modal-trigger\" data-modal=\"#_ftn4\">4<\/sup><\/p>\n<p>La Scuola di medicina e chirurgia castrense di San Giorgio di Nogaro \u00e8 stata uno fra gli accorgimenti messi in campo dall\u2019organizzazione militare italiana per tamponare il drammatico bisogno di medici causato dalla prima guerra tecnologica-industriale e di massa. I mesi di neutralit\u00e0 avevano consentito ai vertici civili e militari italiani di osservare la triste esperienza degli stati belligeranti e di organizzarsi, ma il vantaggio fu vanificato da molti limiti, in parte imposti dalle finanze pubbliche, in parte indotti da una mentalit\u00e0 militare che stentava a comprendere il carattere moderno del conflitto in corso non solo in termini di armi e tecniche di combattimento, ma anche sotto il profilo delle pi\u00f9 elementari esigenze umanitarie e psicologiche del soldato-cittadino moderno. Provveder\u00e0 la rotta di Caporetto a cambiare parzialmente la situazione, costringendo i comandi militari a prendersi meglio cura dello spirito e del corpo dei militari italiani.<sup class=\"modal-trigger\" data-modal=\"#_ftn5\">5<\/sup><\/p>\n<p>[\/et_pb_text][\/et_pb_column][\/et_pb_row][et_pb_row column_structure=&#8221;1_2,1_2&#8243; module_id=&#8221;tusini&#8221; _builder_version=&#8221;4.27.4&#8243; _module_preset=&#8221;default&#8221; global_colors_info=&#8221;{}&#8221;][et_pb_column type=&#8221;1_2&#8243; _builder_version=&#8221;4.25.1&#8243; _module_preset=&#8221;default&#8221; global_colors_info=&#8221;{}&#8221;][et_pb_heading title=&#8221;3 &#8211; Nella grande fornace ardente: le emergenze sanitarie delle prime battaglie dell\u02bcIsonzo&#8221; _builder_version=&#8221;4.27.4&#8243; _module_preset=&#8221;c33f07d9-41e0-421a-8799-5799df695cce&#8221; title_level=&#8221;h2&#8243; title_font=&#8221;Cormorant Garamond|Cormorant Garamond_weight|||||||&#8221; title_text_color=&#8221;#0e0c19&#8243; title_font_size=&#8221;50px&#8221; title_line_height=&#8221;1.2em&#8221; custom_margin=&#8221;||10px||false|false&#8221; title_font_size_tablet=&#8221;28px&#8221; title_font_size_phone=&#8221;20px&#8221; title_font_size_last_edited=&#8221;on|phone&#8221; global_colors_info=&#8221;{}&#8221;][\/et_pb_heading][\/et_pb_column][et_pb_column type=&#8221;1_2&#8243; _builder_version=&#8221;4.25.1&#8243; _module_preset=&#8221;default&#8221; global_colors_info=&#8221;{}&#8221;][et_pb_text quote_border_color=&#8221;#bf3900&#8243; _builder_version=&#8221;4.27.4&#8243; _module_preset=&#8221;2c55a9c4-feed-423b-9edb-ae0b5b365cac&#8221; text_font=&#8221;Proza Libre|Proza Libre_weight|||||||&#8221; text_text_color=&#8221;#3c3a47&#8243; text_font_size=&#8221;16px&#8221; text_line_height=&#8221;1.75em&#8221; link_font=&#8221;|Proza Libre_weight|||||||&#8221; link_text_color=&#8221;#03045e&#8221; quote_font=&#8221;Cormorant Garamond|Cormorant Garamond_weight|||||||&#8221; quote_text_color=&#8221;#0e0c19&#8243; header_font=&#8221;Cormorant Garamond|Cormorant Garamond_weight|||||||&#8221; header_text_color=&#8221;#0e0c19&#8243; header_font_size=&#8221;72px&#8221; header_line_height=&#8221;1.15em&#8221; header_2_font=&#8221;Cormorant Garamond|Cormorant Garamond_weight|||||||&#8221; header_2_text_color=&#8221;#0e0c19&#8243; header_2_font_size=&#8221;50px&#8221; header_2_line_height=&#8221;1.2em&#8221; header_3_font=&#8221;Cormorant Garamond|Cormorant Garamond_weight|||||||&#8221; header_3_text_color=&#8221;#0e0c19&#8243; header_3_font_size=&#8221;32px&#8221; header_3_line_height=&#8221;1.3em&#8221; header_4_font=&#8221;Cormorant Garamond|Cormorant Garamond_weight|||||||&#8221; header_4_text_color=&#8221;#0e0c19&#8243; header_4_font_size=&#8221;24px&#8221; header_4_line_height=&#8221;1.4em&#8221; header_5_font=&#8221;Cormorant Garamond|Cormorant Garamond_weight|||||||&#8221; header_5_text_color=&#8221;#0e0c19&#8243; header_5_font_size=&#8221;18px&#8221; header_5_line_height=&#8221;1.4em&#8221; header_6_font=&#8221;Cormorant Garamond|Cormorant Garamond_weight|||||||&#8221; header_6_text_color=&#8221;#0e0c19&#8243; header_6_line_height=&#8221;1.5em&#8221; custom_margin=&#8221;||||false|false&#8221; text_font_size_tablet=&#8221;15px&#8221; text_font_size_phone=&#8221;14px&#8221; text_font_size_last_edited=&#8221;on|phone&#8221; header_font_size_tablet=&#8221;40px&#8221; header_font_size_phone=&#8221;24px&#8221; header_font_size_last_edited=&#8221;on|desktop&#8221; header_2_font_size_tablet=&#8221;28px&#8221; header_2_font_size_phone=&#8221;20px&#8221; header_2_font_size_last_edited=&#8221;on|phone&#8221; header_3_font_size_tablet=&#8221;22px&#8221; header_3_font_size_phone=&#8221;17px&#8221; header_3_font_size_last_edited=&#8221;on|phone&#8221; header_4_font_size_tablet=&#8221;18px&#8221; header_4_font_size_phone=&#8221;15px&#8221; header_4_font_size_last_edited=&#8221;on|tablet&#8221; header_5_font_size_tablet=&#8221;15px&#8221; header_5_font_size_phone=&#8221;14px&#8221; header_5_font_size_last_edited=&#8221;on|desktop&#8221; header_6_font_size_tablet=&#8221;13px&#8221; header_6_font_size_phone=&#8221;13px&#8221; header_6_font_size_last_edited=&#8221;on|desktop&#8221; global_colors_info=&#8221;{}&#8221;]<\/p>\n<p>La guerra,<em><span>\u00a0<\/span>\u00abprima grande esperienza collettiva del popolo italiano\u00bb,<\/em><sup class=\"modal-trigger\" data-modal=\"#_ftn6\">6<\/sup><em>\u00a0<span>\u00a0<\/span><\/em>si apre nel maggio 1915 in un<span>\u00a0<\/span><em>climax<span>\u00a0<\/span><\/em>emergenziale: gi\u00e0 nei giorni della prima battaglia dell\u2019Isonzo (23 giugno-7 luglio 1915), una Sanit\u00e0 Militare organizzata per garantire la<span>\u00a0<\/span><em>spedalizzazione immediata<span>\u00a0<\/span><\/em>massima del 20% di una singola unit\u00e0, collass\u00f2 su se stessa. I primi scontri misero fuori gioco il 6% complessivo delle forze italiane impiegate e, nelle brigate coinvolte nelle prime ondate offensive, la percentuale degli organici distrutti o compromessi oscill\u00f2 dal 50 al 70%, mostrando anche l\u2019affanno non tanto del modello organizzativo-funzionale della Sanit\u00e0 Militare, quanto la sua incapacit\u00e0 di tempestiva presa in cura di feriti e malati in numero drammaticamente esorbitante rispetto le previsioni.\u00a0 La seconda battaglia immediatamente successiva (18 luglio \u2013 3 agosto), registr\u00f2 circa 11.000 tra morti e dispersi e 30.000 feriti: mediamente in ciascun giorno di combattimento una<span>\u00a0<\/span><em>valanga<\/em><span>\u00a0<\/span>di circa 1.800 feriti fin\u00ec con l\u2019abbattersi sulle strutture sanitarie della prima linea, per poi essere smistata il pi\u00f9 velocemente possibile sulla<span>\u00a0<\/span><em>filiera<span>\u00a0<\/span><\/em>ospedaliera predisposta nelle retrovie e sul territorio.<\/p>\n<p>In questo esordio di guerra (tra giugno e luglio 1915) nell\u2019arco di quindici giorni, in un\u2019area territoriale di circa trenta chilometri, \u00ab<em>passarono molti autocarri stracarichi di feriti: soldati di fanteria insanguinati e laceri; teste, braccia e gambe fasciate, un orrore!\u00bb.<\/em><sup class=\"modal-trigger\" data-modal=\"#_ftn7\">7<\/sup><span>\u00a0<\/span>\u00a0Fu un vero<span>\u00a0<\/span><em>shock<\/em>, di primo acchito velato dai silenzi e dalle minimalizzazioni della comunicazione ufficiale, come testimonia, ad esempio, una circolare del comandante del II corpo d\u2019armata: \u00ab<em>Sia bene impresso nella mente di tutti che le perdite che s\u2019incontrano nel corso dell\u2019azione siano rese note alle autorit\u00e0 superiori solo se strettamente necessario durante l\u2019azione stessa, sempre in modo riservatissimo e mai per telegramma che non sia cifrato<\/em>\u00bb. Gli fa eco l\u2019ordine del comando del 7\u00b0 corpo d\u2019armata: \u00ab<em>I posti di medicazione, durante il combattimento, siano sistemati non in mezzo alle truppe, per evitare ai rincalzi, che attendono di portarsi in linea, un\u2019impressione deprimente che \u00e8 necessario evitare<\/em>\u00bb.<sup class=\"modal-trigger\" data-modal=\"#_ftn8\">8<\/sup><\/p>\n<p>Tra maggio e novembre 1915 le divisioni della III Armata operanti sul Carso registrarono la perdita di 173.000 uomini su un organico di 352.000 unit\u00e0: il 44% della loro forza complessiva, mentre precipitavano le condizioni igenico-sanitarie del fronte e dei territori circostanti gravati da inediti addensamenti umani in spazi limitati. In particolare, il gi\u00e0 precario equilibrio socio-sanitario del Friuli, territorio che scontava la maggiore arretratezza economica e produttiva di tutto il Settentrione d\u2019Italia, fu sconvolto dal repentino arrivo di oltre un milione di uomini tra militari e apparati. La malaria, appena fronteggiata dagli interventi di bonifica e profilattici d\u2019inizio secolo, riprese con virulenza, in particolare nelle terre del Basso Isonzo dove combatteva la III Armata, a causa degli<span>\u00a0<\/span><em>impaludamenti<\/em><span>\u00a0<\/span>delle trincee e delle buche prodotte dall\u2019artiglieria che si riempivano d\u2019acqua \u00ab<em>diventando le incubatrici ideali per le larve di anofele<\/em>\u00bb.<sup class=\"modal-trigger\" data-modal=\"#_ftn9\">9<\/sup><span>\u00a0<\/span>Nelle trincee: \u00ab<em>promiscuit\u00e0 e contaminazione, perdita di distinzione tra uomini e cose, vita e morte, corpo e materia sono le caratteristiche dominanti del paesaggio specialmente della terra di nessuno che separa le trincee contrapposte<\/em>\u00bb.<sup class=\"modal-trigger\" data-modal=\"#_ftn10\">10<\/sup><\/p>\n<p>[\/et_pb_text][\/et_pb_column][\/et_pb_row][et_pb_row column_structure=&#8221;1_2,1_2&#8243; module_id=&#8221;ministro&#8221; _builder_version=&#8221;4.27.4&#8243; _module_preset=&#8221;default&#8221; global_colors_info=&#8221;{}&#8221;][et_pb_column type=&#8221;1_2&#8243; _builder_version=&#8221;4.25.1&#8243; _module_preset=&#8221;default&#8221; global_colors_info=&#8221;{}&#8221;][et_pb_heading title=&#8221;4 &#8211; Il colera&#8221; _builder_version=&#8221;4.27.4&#8243; _module_preset=&#8221;c33f07d9-41e0-421a-8799-5799df695cce&#8221; title_level=&#8221;h2&#8243; title_font=&#8221;Cormorant Garamond|Cormorant Garamond_weight|||||||&#8221; title_text_color=&#8221;#0e0c19&#8243; title_font_size=&#8221;50px&#8221; title_line_height=&#8221;1.2em&#8221; custom_margin=&#8221;||10px||false|false&#8221; title_font_size_tablet=&#8221;28px&#8221; title_font_size_phone=&#8221;20px&#8221; title_font_size_last_edited=&#8221;on|phone&#8221; global_colors_info=&#8221;{}&#8221;][\/et_pb_heading][\/et_pb_column][et_pb_column type=&#8221;1_2&#8243; _builder_version=&#8221;4.25.1&#8243; _module_preset=&#8221;default&#8221; global_colors_info=&#8221;{}&#8221;][et_pb_text quote_border_color=&#8221;#bf3900&#8243; _builder_version=&#8221;4.27.4&#8243; _module_preset=&#8221;2c55a9c4-feed-423b-9edb-ae0b5b365cac&#8221; text_font=&#8221;Proza Libre|Proza Libre_weight|||||||&#8221; text_text_color=&#8221;#3c3a47&#8243; text_font_size=&#8221;16px&#8221; text_line_height=&#8221;1.75em&#8221; link_font=&#8221;|Proza Libre_weight|||||||&#8221; link_text_color=&#8221;#964003&#8243; quote_font=&#8221;Cormorant Garamond|Cormorant Garamond_weight|||||||&#8221; quote_text_color=&#8221;#0e0c19&#8243; header_font=&#8221;Cormorant Garamond|Cormorant Garamond_weight|||||||&#8221; header_text_color=&#8221;#0e0c19&#8243; header_font_size=&#8221;72px&#8221; header_line_height=&#8221;1.15em&#8221; header_2_font=&#8221;Cormorant Garamond|Cormorant Garamond_weight|||||||&#8221; header_2_text_color=&#8221;#0e0c19&#8243; header_2_font_size=&#8221;50px&#8221; header_2_line_height=&#8221;1.2em&#8221; header_3_font=&#8221;Cormorant Garamond|Cormorant Garamond_weight|||||||&#8221; header_3_text_color=&#8221;#0e0c19&#8243; header_3_font_size=&#8221;32px&#8221; header_3_line_height=&#8221;1.3em&#8221; header_4_font=&#8221;Cormorant Garamond|Cormorant Garamond_weight|||||||&#8221; header_4_text_color=&#8221;#0e0c19&#8243; header_4_font_size=&#8221;24px&#8221; header_4_line_height=&#8221;1.4em&#8221; header_5_font=&#8221;Cormorant Garamond|Cormorant Garamond_weight|||||||&#8221; header_5_text_color=&#8221;#0e0c19&#8243; header_5_font_size=&#8221;18px&#8221; header_5_line_height=&#8221;1.4em&#8221; header_6_font=&#8221;Cormorant Garamond|Cormorant Garamond_weight|||||||&#8221; header_6_text_color=&#8221;#0e0c19&#8243; header_6_line_height=&#8221;1.5em&#8221; custom_margin=&#8221;||||false|false&#8221; text_font_size_tablet=&#8221;15px&#8221; text_font_size_phone=&#8221;14px&#8221; text_font_size_last_edited=&#8221;on|phone&#8221; header_font_size_tablet=&#8221;40px&#8221; header_font_size_phone=&#8221;24px&#8221; header_font_size_last_edited=&#8221;on|desktop&#8221; header_2_font_size_tablet=&#8221;28px&#8221; header_2_font_size_phone=&#8221;20px&#8221; header_2_font_size_last_edited=&#8221;on|phone&#8221; header_3_font_size_tablet=&#8221;22px&#8221; header_3_font_size_phone=&#8221;17px&#8221; header_3_font_size_last_edited=&#8221;on|phone&#8221; header_4_font_size_tablet=&#8221;18px&#8221; header_4_font_size_phone=&#8221;15px&#8221; header_4_font_size_last_edited=&#8221;on|tablet&#8221; header_5_font_size_tablet=&#8221;15px&#8221; header_5_font_size_phone=&#8221;14px&#8221; header_5_font_size_last_edited=&#8221;on|desktop&#8221; header_6_font_size_tablet=&#8221;13px&#8221; header_6_font_size_phone=&#8221;13px&#8221; header_6_font_size_last_edited=&#8221;on|desktop&#8221; global_colors_info=&#8221;{}&#8221;]<\/p>\n<section class=\"capsule padded site-section scrollspy_anchor\" id=\"s4\">\n<section class=\"capsule padded site-section scrollspy_anchor\" id=\"s4\">\n<p>Una fra le prime preoccupazioni della Sanit\u00e0 Militare fu costituita dalle malattie epidemiche, come il colera, il tifo e il vaiolo, che, in fasi diverse infierirono fra le truppe costrette a proibitive condizioni di sopravvivenza nelle trincee, sorta di \u00abfosse comuni\u00bb.<\/p>\n<p>Il colera, in particolare, inizia a diffondersi fra i soldati italiani dislocati sul Carso sin dall\u2019estate del 1915, finch\u00e9 l\u2019epidemia, anche a causa dei continui spostamenti che ostacolano la profilassi e facilitano il contagio, si estende all\u2019intera linea della III Armata, e a parte di quella della II Armata, sino al Sabotino, propagandosi tanto fra i soldati di prima linea, che fra quelli delle retrovie, come pure fra la popolazione civile: \u00abUna mattina uscendo dalla rimessa dove mi ero trasferito a dormire \u2013 narra lo scrittore veneto Giovanni Comisso \u2013 trovai un soldato della nostra compagnia che ritornava da un posto avanzato del Sabotino. [\u2026] Mi raccont\u00f2 che lass\u00f9 i soldati arsi dalla sete erano costretti a bere la propria orina e il colera era scoppiato in tutti gli accampamenti, i morti non venivano sepolti, se ne trovavano per la strada fino a pochi chilometri da Cormons\u00bb.<\/p>\n<p>Il numero dei contagiati e dei morti, in considerazione di una organizzazione sanitaria militare da diversi punti di vista ancora deficitaria e di superiori esigenze strategiche, appaiono assai elevati in particolare nei mesi iniziali del conflitto, almeno sino alla fine del 1915, raggiungendo un totale di 16.027 casi, di cui 4.322 con esiti letali.<sup class=\"modal-trigger\" data-modal=\"#_ftn11\">11<\/sup><\/p>\n<p>Le cinque divisioni maggiormente investite dall\u2019epidemia di colera si ritrovarono con organici ridotti anche del 50%. Numeri \u201cimbarazzanti\u201d nel raffronto con le proiezioni ufficiali ante-guerra. Lo stesso<span>\u00a0<\/span><strong>Alessandro Lustig<\/strong>, senatore e patologo fra i pi\u00f9 autorevoli (sar\u00e0 fra i docenti della scuola di San Giorgio di Nogaro), nel libretto<span>\u00a0<\/span><em>La Preparazione e la difesa sanitaria dell\u2019esercito<span>\u00a0<\/span><\/em>del 1915,<sup class=\"modal-trigger\" data-modal=\"#_ftn12\">12<\/sup><span>\u00a0<\/span>aveva previsto che il numero dei malati dell\u2019Esercito si potesse calcolare: \u00ab<em>a 4% nei giorni di sosta, a 3-5% nei giorni di marcia<\/em>\u00bb.<sup class=\"modal-trigger\" data-modal=\"#_ftn13\">13<\/sup><\/p>\n<p>Anche questa discrasia di previsioni testimonia come la guerra in atto \u2013 cos\u00ec distante dalle proiezioni quantitative dell\u2019illustre clinico \u2013 si stesse via via prefigurando come una sorta di \u00ab<em>accadimento dell\u2019impossibile<\/em>\u00bb: una guerra cos\u00ec<span>\u00a0<\/span><em>grande,<span>\u00a0<\/span><\/em>da non poter essere immaginata prima del suo reale disvelamento. Essa si sarebbe trasformata ben presto in una lunghissima condizione forzata \u00ab[\u2026]<span>\u00a0<\/span><em>gravata dall\u2019impossibilit\u00e0 di prevedere il domani, con il soldato<\/em><span>\u00a0<\/span>[costretto]<span>\u00a0<\/span><em>a vivere nel pantano di un limbo che diventava la frontiera tra la sopravvivenza e la morte<\/em>\u00bb.<sup class=\"modal-trigger\" data-modal=\"#_ftn14\">14<\/sup><\/p>\n<\/section>\n<section class=\"capsule padded site-section scrollspy_anchor\" id=\"s5\"><\/section>\n<\/section>\n<section class=\"capsule padded site-section scrollspy_anchor\" id=\"s5\"><\/section>\n<p>[\/et_pb_text][\/et_pb_column][\/et_pb_row][et_pb_row column_structure=&#8221;1_2,1_2&#8243; module_id=&#8221;minerva&#8221; _builder_version=&#8221;4.27.4&#8243; _module_preset=&#8221;default&#8221; global_colors_info=&#8221;{}&#8221;][et_pb_column type=&#8221;1_2&#8243; _builder_version=&#8221;4.25.1&#8243; _module_preset=&#8221;default&#8221; global_colors_info=&#8221;{}&#8221;][et_pb_heading title=&#8221;5 &#8211; La guerra breve s\u02bcimpantana nelle trincee e diventa di posizione&#8221; _builder_version=&#8221;4.27.4&#8243; _module_preset=&#8221;c33f07d9-41e0-421a-8799-5799df695cce&#8221; title_level=&#8221;h2&#8243; title_font=&#8221;Cormorant Garamond|Cormorant Garamond_weight|||||||&#8221; title_text_color=&#8221;#0e0c19&#8243; title_font_size=&#8221;50px&#8221; title_line_height=&#8221;1.2em&#8221; custom_margin=&#8221;||10px||false|false&#8221; title_font_size_tablet=&#8221;28px&#8221; title_font_size_phone=&#8221;20px&#8221; title_font_size_last_edited=&#8221;on|phone&#8221; global_colors_info=&#8221;{}&#8221;][\/et_pb_heading][\/et_pb_column][et_pb_column type=&#8221;1_2&#8243; _builder_version=&#8221;4.25.1&#8243; _module_preset=&#8221;default&#8221; global_colors_info=&#8221;{}&#8221;][et_pb_text quote_border_color=&#8221;#bf3900&#8243; _builder_version=&#8221;4.27.4&#8243; _module_preset=&#8221;2c55a9c4-feed-423b-9edb-ae0b5b365cac&#8221; text_font=&#8221;Proza Libre|Proza Libre_weight|||||||&#8221; text_text_color=&#8221;#3c3a47&#8243; text_font_size=&#8221;16px&#8221; text_line_height=&#8221;1.75em&#8221; link_font=&#8221;|Proza Libre_weight|||||||&#8221; link_text_color=&#8221;#03045e&#8221; quote_font=&#8221;Cormorant Garamond|Cormorant Garamond_weight|||||||&#8221; quote_text_color=&#8221;#0e0c19&#8243; header_font=&#8221;Cormorant Garamond|Cormorant Garamond_weight|||||||&#8221; header_text_color=&#8221;#0e0c19&#8243; header_font_size=&#8221;72px&#8221; header_line_height=&#8221;1.15em&#8221; header_2_font=&#8221;Cormorant Garamond|Cormorant Garamond_weight|||||||&#8221; header_2_text_color=&#8221;#0e0c19&#8243; header_2_font_size=&#8221;50px&#8221; header_2_line_height=&#8221;1.2em&#8221; header_3_font=&#8221;Cormorant Garamond|Cormorant Garamond_weight|||||||&#8221; header_3_text_color=&#8221;#0e0c19&#8243; header_3_font_size=&#8221;32px&#8221; header_3_line_height=&#8221;1.3em&#8221; header_4_font=&#8221;Cormorant Garamond|Cormorant Garamond_weight|||||||&#8221; header_4_text_color=&#8221;#0e0c19&#8243; header_4_font_size=&#8221;24px&#8221; header_4_line_height=&#8221;1.4em&#8221; header_5_font=&#8221;Cormorant Garamond|Cormorant Garamond_weight|||||||&#8221; header_5_text_color=&#8221;#0e0c19&#8243; header_5_font_size=&#8221;18px&#8221; header_5_line_height=&#8221;1.4em&#8221; header_6_font=&#8221;Cormorant Garamond|Cormorant Garamond_weight|||||||&#8221; header_6_text_color=&#8221;#0e0c19&#8243; header_6_line_height=&#8221;1.5em&#8221; custom_margin=&#8221;||||false|false&#8221; text_font_size_tablet=&#8221;15px&#8221; text_font_size_phone=&#8221;14px&#8221; text_font_size_last_edited=&#8221;on|phone&#8221; header_font_size_tablet=&#8221;40px&#8221; header_font_size_phone=&#8221;24px&#8221; header_font_size_last_edited=&#8221;on|desktop&#8221; header_2_font_size_tablet=&#8221;28px&#8221; header_2_font_size_phone=&#8221;20px&#8221; header_2_font_size_last_edited=&#8221;on|phone&#8221; header_3_font_size_tablet=&#8221;22px&#8221; header_3_font_size_phone=&#8221;17px&#8221; header_3_font_size_last_edited=&#8221;on|phone&#8221; header_4_font_size_tablet=&#8221;18px&#8221; header_4_font_size_phone=&#8221;15px&#8221; header_4_font_size_last_edited=&#8221;on|tablet&#8221; header_5_font_size_tablet=&#8221;15px&#8221; header_5_font_size_phone=&#8221;14px&#8221; header_5_font_size_last_edited=&#8221;on|desktop&#8221; header_6_font_size_tablet=&#8221;13px&#8221; header_6_font_size_phone=&#8221;13px&#8221; header_6_font_size_last_edited=&#8221;on|desktop&#8221; global_colors_info=&#8221;{}&#8221;]<\/p>\n<p>Il periodo di relativa stasi dell\u2019offensiva tra agosto e ottobre 1915 serv\u00ec a far affluire i necessari rincalzi sul fronte isontino, ma anche a metabolizzare l\u2019insospettata carica distruttiva di una guerra, ormai di logoramento e di posizione, sui<span>\u00a0<\/span><em>corpi<span>\u00a0<\/span><\/em>e sulle<em><span>\u00a0<\/span>menti<span>\u00a0<\/span><\/em>dei soldati con la conseguente implementazione dell\u2019organizzazione sanitaria, originariamente pensata dalle<span>\u00a0<\/span><em>Norme per gli ufficiali medici durante la campagna<span>\u00a0<\/span><\/em>dell\u2019 ispettore generale di Sanit\u00e0 del ministero della Guerra, generale medico Luigi Ferrero di Cavallerleone, per un conflitto di \u201cmovimento\u201d profondamente diverso dall\u2019inedita situazione di \u201ctrincea\u201d.<sup class=\"modal-trigger\" data-modal=\"#_ftn15\">15<\/sup><\/p>\n<p>I primi mesi di guerra dissolsero come neve al sole l\u2019incauta convinzione dei vertici politici e militari,<span>\u00a0<\/span><em>in primis<span>\u00a0<\/span><\/em>gli stessi Salandra e Cadorna, che i soldati sarebbero tornati a casa per festeggiare Natale (al pi\u00f9 Pasqua 1916): e su quell\u2019assunto di guerra<span>\u00a0<\/span><em>breve<span>\u00a0<\/span><\/em>era stata \u201cquantitativamente\u201d costruita l\u2019organizzazione dell\u2019impianto d\u2019intervento, anche di quello sanitario peraltro gi\u00e0 in condizioni di sofferenza a causa del recente sforzo coloniale in Libia. Si aggiungano le oggettive responsabilit\u00e0 politiche causate da chiusure e limiti di visione.<\/p>\n<p>Fin dal periodo di \u00abmobilitazione occulta\u00bb l\u2019organizzazione del servizio [della sanit\u00e0 militare] venne modificata. All\u2019Ispettorato di Sanit\u00e0 Militare, l\u2019organo medico-legale con funzioni consultive diretto dal tenente generale medico Luigi Ferrero di Cavallerleone, il generale Luigi Cadorna, comandante supremo dell\u2019esercito, affid\u00f2 il solo compito di sorvegliare la formazione e il funzionamento degli ospedali di riserva. Sui motivi di questo allontanamento dal fronte, gravido di conseguenze per l\u2019andamento del servizio, non si hanno notizie. Si pu\u00f2 per\u00f2 immaginare la difficolt\u00e0 di lavorare con Ferrero di Cavallerleone che non solo si mise in urto con Cadorna, ma anche col presidente del Consiglio e mai vide di buon occhio l\u2019intervento della Croce Rossa al fianco della Sanit\u00e0 Militare. Infatti, per sopperire alla mancanza di un organo direttivo in ambito sanitario nel punto pi\u00f9 nevralgico del paese, per la distribuzione dei medici nelle unit\u00e0 sanitarie, per organizzare la complessa rete ospedaliera e varare un piano di vaccinazioni nell\u2019esercito, il presidente del Consiglio Salandra convoc\u00f2 una riunione a Udine alla quale parteciparono, tra gli altri, Alberto Lutrario, direttore generale della Sanit\u00e0 pubblica, e lo stesso Ferrero di Cavallerleone che, temendo di vedere diminuita la sua autorit\u00e0, si oppose alla proposta di decentramento fatta in quell\u2019occasione dal capo del governo. Cos\u00ec, dall\u2019agosto 1915, l\u2019ispettore fu collocato in posizione ausiliaria senza provvedere alla sua sostituzione per tutta la durata della campagna.<\/p>\n<p>Il ridimensionamento di tale figura e la redistribuzione delle sue funzioni fra vari uffici del ministero della Guerra misero il servizio in grave difficolt\u00e0. Poi le cose cominciarono a migliorare e nel settembre 1916 fu creato l\u2019Ufficio sanitario, che da semplice sezione poco alla volta divenne una struttura importante. Finalmente, nell\u2019ottobre 1917, con lo scopo di riunificare le competenze e rendere il lavoro pi\u00f9 coordinato, l\u2019Ufficio fu trasformato in Direzione generale di Sanit\u00e0 Militare.<sup class=\"modal-trigger\" data-modal=\"#_ftn16\">16<\/sup><\/p>\n<p>Centrale e continuo lungo tutta la durata della guerra \u2013 quasi un\u2019anomalia \u2013 fu il ruolo del direttore generale della Sanit\u00e0 Militare Francesco Della Valle, che si sottrasse al vorticoso<span>\u00a0<\/span><em>turn over<span>\u00a0<\/span><\/em>praticato dal generale Luigi Cadorna durante i ventinove mesi in cui fu al comando dell\u2019esercito, avendo esonerato complessivamente ben 807 dei suoi ufficiali.<sup class=\"modal-trigger\" data-modal=\"#_ftn17\">17<\/sup><\/p>\n<p>[\/et_pb_text][\/et_pb_column][\/et_pb_row][et_pb_row _builder_version=&#8221;4.27.4&#8243; _module_preset=&#8221;default&#8221; global_colors_info=&#8221;{}&#8221;][et_pb_column type=&#8221;4_4&#8243; _builder_version=&#8221;4.27.4&#8243; _module_preset=&#8221;default&#8221; global_colors_info=&#8221;{}&#8221;][et_pb_divider color=&#8221;#bf3900&#8243; _builder_version=&#8221;4.27.4&#8243; _module_preset=&#8221;default&#8221; global_colors_info=&#8221;{}&#8221;][\/et_pb_divider][\/et_pb_column][\/et_pb_row][et_pb_row _builder_version=&#8221;4.27.4&#8243; _module_preset=&#8221;default&#8221; global_colors_info=&#8221;{}&#8221;][et_pb_column type=&#8221;4_4&#8243; _builder_version=&#8221;4.27.4&#8243; _module_preset=&#8221;default&#8221; global_colors_info=&#8221;{}&#8221;][et_pb_text _builder_version=&#8221;4.27.4&#8243; _module_preset=&#8221;default&#8221; hover_enabled=&#8221;0&#8243; global_colors_info=&#8221;{}&#8221; sticky_enabled=&#8221;0&#8243;]<\/p>\n<p><strong>Note:<\/strong><\/p>\n<p>1. Umberto Sereni,\u00a0<em>24 maggio 1915. Udine capitale della guerra,\u00a0<\/em>Forum, Udine 2015, p. 33.<\/p>\n<p>2. <span>Giorgio Cosmacini,\u00a0<\/span><em>Storia della medicina e della sanit\u00e0 in Italia. Dalla peste nera ai nostri giorni,<span>\u00a0<\/span><\/em><span>Laterza, Roma-Bari 2004.<\/span><\/p>\n<p>3. <span>\u00ab<\/span><em>Assisto la notte violentata\/L\u2019aria \u00e8 crivellata\/come una trina\/dalle schioppettate\/degli uomini\/ritratti nelle trincee\/come lumache nel loro guscio\u00bb,<span>\u00a0<\/span><\/em><span>Giuseppe Ungaretti,\u00a0<\/span><em>Vita d\u2019uomo. Tutte le poesie,<span>\u00a0<\/span><\/em><span>(a cura di Leone Piccioni), Mondadori, Milano 2005, p. 42.<\/span>.<\/p>\n<p><span>4. Antonio Gibelli,\u00a0<em>L\u2019officina della guerra. La Grande Guerra e le trasformazioni del mondo mentale.\u00a0<\/em>Terza edizione accresciuta, Bollati Boringhieri, Torino 200<\/span><em>.<\/em><\/p>\n<p><span>5. <\/span>Barbara Bracco,\u00a0<em>La patria ferita. I corpi dei soldati italiani e la Grande Guerra,\u00a0<\/em>Giunti, Firenze 2012.<\/p>\n<p><span>6. <\/span>Antonio Gibelli,\u00a0\u00a0<em>La grande guerra degli italiani, 1915-1918,\u00a0<\/em>BUR, Milano\u00a0 2011, p. 7.<\/p>\n<p><span>7. <\/span>Cfr. Daniela Baldo, Massimiliano Galasso, Daniele Vianello (a cura di),\u00a0<em>Studenti al fronte,\u00a0<\/em>p. 36.<\/p>\n<p><span>8. <\/span>Cfr. Daniela Baldo, Massimiliano Galasso, Daniele Vianello (a cura di),\u00a0<em>Studenti al fronte,\u00a0<\/em>p. 36.<\/p>\n<p>9. <span>Paolo Giovannini,\u00a0<\/span><em>Le malattie del corpo e della mente<\/em><span>, in \u00abAnnali della Fondazione Ugo La Malfa\u00bb, XXVIII, 2013, p. 293.<\/span><\/p>\n<p><span>10. <\/span>Antonio Gibelli,\u00a0<em>L\u2019officina della guerra,\u00a0<\/em>cit., p. 190.<\/p>\n<p>11. Paolo Giovannini,\u00a0<em>Le malattie del corpo e della mente<\/em>, cit., pp. 292-293.<\/p>\n<p>12. <span>\u00abFu pure pubblicata in Italia, nell\u2019imminenza ed all\u2019inizio della guerra, una collezione di 24 volumetti di propaganda sanitaria, sotto la direzione di un comitato presieduto da Lustig e composto dei professori [Enrico] Burci, senatore [Antonio] Carle, [Riccardo] Galeazzi, Livi [si tratta in realt\u00e0 del prof. Ferdinando Livini\u00a0<\/span><em>N.d.A.<\/em><span>], [Vittorio] Putti, generale medico di Marina [Filippo] Rho. Ogni volumetto di questi \u201cProblemi\u00a0 sanitari di guerra\u201d \u2013 editi da Rav\u00e0 \u2013 costava dieci centesimi. Si vedevano anche esposti nelle edicole dei giornali; ma non credo che abbiano avuto tanto smercio come se, anzich\u00e9 il serpente \u2013 affacciato quale simbolo dell\u2019arte sanitaria \u2013 avessero portato sul fregio della copertina la sua biblica alleata, magari nel caratteristico suo costume scostumato [\u2026].\u00bb Cit. da Gaetano Boschi,\u00a0<\/span><em>La guerra e le arti sanitarie,<span>\u00a0<\/span><\/em><span>Mondadori, Milano 1931, pp. 38-39.<\/span><\/p>\n<p>13. Alessandro Lustig,\u00a0<em>La preparazione e la difesa sanitaria dell\u2019esercito,\u00a0<\/em>Rav\u00e0, Milano 1915, p. 37<\/p>\n<p>14. Leonardo Raito,\u00a0<em>Gaetano Boschi. Sviluppi della neuropsichiatria di guerra (1915-1918),\u00a0<\/em>\u00a0Carocci, Roma 2010, p. 41.<\/p>\n<p>15. <span>Luigi Ferrero di Cavallereone \u00a0nato a Torino nel 1853, nobilitato dal re nel 1897 con l\u2019aggiunta al cognome del nome del paese d\u2019origine della famiglia, mor\u00ec a Roma nel 1935. Medaglia d\u2019oro al valor militare. Generale medico e Ispettore capo di Sanit\u00e0 militare fu in Libia negli anni 1910-1912. Fu inventore di un apparecchio radiologico trasportabile utilizzato per la prima volta durante la campagna di Libia (1911-1912) e successivamente nel Montenegro (1913), che rester\u00e0 la strumentazione radiologica di base del corpo di Sanit\u00e0 militare italiana fino alla fine della guerra. In accordo con Cadorna, organizz\u00f2 nel maggio 1915 la PASFA (Associazione per l\u2019assistenza spirituale delle Forze Armate), che ebbe l\u2019incarico di togliere dalla truppa e di distribuire tra le diverse unit\u00e0 dell\u2019esercito i cappellani militari. Fino ad allora, infatti, dal governo laico che governava l\u2019Italia liberale, erano considerati normali reclute e prestavano servizio di leva alla pari con in civili. Ferrero di Cavallerleone\u00a0 si fece anche carico di ricreare nel 1926 l\u2019Ordinariato Militare per l\u2019Italia, che era stato soppresso subito dopo la guerra. Cfr. Gianfranco Donelli, Valeria Di Carlo,\u00a0<\/span><em>La sanit\u00e0 pubblica italiana negli anni a cavallo della Prima Guerra Mondiale.<span>\u00a0<\/span><\/em><span>Introduzione di Giorgio Cosmacini, Armando, Roma 2016.<\/span><\/p>\n<p><span>16. <\/span>Stefania Bartoloni,\u00a0<em>Italiane alla guerra. L\u2019assistenza ai feriti 1915-1918,\u00a0<\/em>Marsilio,\u00a0 Venezia 2003, p. 98.<\/p>\n<p><span>17. Angelo Nataloni,\u00a0<em>Il bisturi dopo la baionetta,\u00a0<\/em>in\u00a0<em>Studenti di medicina al fronte nella Prima guerra mondiale: l\u2019Universit\u00e0 Castrense di San Giorgio di Nogaro. Atti della giornata di studi<\/em>. San Giorgio di Nogaro, 6 novembre 2010. Comune di San Giorgio di Nogaro 2011, p. 26.<\/span><\/p>\n<p>[\/et_pb_text][\/et_pb_column][\/et_pb_row][\/et_pb_section]<\/p>\n","protected":false},"excerpt":{"rendered":"<p>I colpi sparati nella notte tra il 23 e il 24 maggio 1915 dal cacciatorpediniere italiano\u00a0Zeffiro\u00a0contro il presidio di Porto Buso alla foce dell\u2019Aussa, ultima\u00a0sentinella\u00a0austriaca nella laguna di Grado e Marano, sul confine\u00a0liquido\u00a0con l\u2019Italia, posero la parola \u00abfine\u00bb anche alla periferica\u00a0belle \u00e9poque\u00a0di San Giorgio di Nogaro; cittadina posta al centro della Bassa Friulana. Gli eventi [&hellip;]<\/p>\n","protected":false},"author":1,"featured_media":0,"parent":0,"menu_order":0,"comment_status":"closed","ping_status":"closed","template":"","meta":{"_et_pb_use_builder":"on","_et_pb_old_content":"<!-- wp:divi\/placeholder \/-->","_et_gb_content_width":"","footnotes":""},"class_list":["post-810","page","type-page","status-publish","hentry"],"_links":{"self":[{"href":"https:\/\/www.universitacastrense.eu\/index.php\/wp-json\/wp\/v2\/pages\/810","targetHints":{"allow":["GET"]}}],"collection":[{"href":"https:\/\/www.universitacastrense.eu\/index.php\/wp-json\/wp\/v2\/pages"}],"about":[{"href":"https:\/\/www.universitacastrense.eu\/index.php\/wp-json\/wp\/v2\/types\/page"}],"author":[{"embeddable":true,"href":"https:\/\/www.universitacastrense.eu\/index.php\/wp-json\/wp\/v2\/users\/1"}],"replies":[{"embeddable":true,"href":"https:\/\/www.universitacastrense.eu\/index.php\/wp-json\/wp\/v2\/comments?post=810"}],"version-history":[{"count":5,"href":"https:\/\/www.universitacastrense.eu\/index.php\/wp-json\/wp\/v2\/pages\/810\/revisions"}],"predecessor-version":[{"id":829,"href":"https:\/\/www.universitacastrense.eu\/index.php\/wp-json\/wp\/v2\/pages\/810\/revisions\/829"}],"wp:attachment":[{"href":"https:\/\/www.universitacastrense.eu\/index.php\/wp-json\/wp\/v2\/media?parent=810"}],"curies":[{"name":"wp","href":"https:\/\/api.w.org\/{rel}","templated":true}]}}