{"id":790,"date":"2025-08-11T13:02:48","date_gmt":"2025-08-11T13:02:48","guid":{"rendered":"https:\/\/dev1.layertre.it\/?page_id=790"},"modified":"2025-08-11T13:07:00","modified_gmt":"2025-08-11T13:07:00","slug":"genio","status":"publish","type":"page","link":"https:\/\/www.universitacastrense.eu\/index.php\/genio\/","title":{"rendered":"Genio"},"content":{"rendered":"<p>[et_pb_section fb_built=&#8221;1&#8243; admin_label=&#8221;Header&#8221; _builder_version=&#8221;4.27.4&#8243; _module_preset=&#8221;4d954f1d-69c5-4f0f-a70c-242440b418f6&#8243; background_color=&#8221;rgba(33,33,33,0.46)&#8221; use_background_color_gradient=&#8221;off&#8221; background_image=&#8221;https:\/\/universitacastrense.eu\/wp-content\/uploads\/2025\/07\/Foto-Antonio-Dionisi-durante-una-lezione-elaborata-dal-grafico-1024&#215;623-1.jpg&#8221; background_enable_image=&#8221;on&#8221; background_blend=&#8221;darken&#8221; hover_enabled=&#8221;0&#8243; collapsed=&#8221;on&#8221; global_colors_info=&#8221;{%22gcid-1f1bf5fb-a99d-4acc-8d9e-ddac074c158c%22:%91%22background_color_gradient_stops%22,%22background_color_gradient_stops%22%93,%22gcid-4c79ba3d-a281-4fb6-9b14-02f9a4c793f2%22:%91%22background_color_gradient_stops%22,%22background_color_gradient_stops%22%93,%22gcid-688c464a-d6f2-4296-b592-395352c71c79%22:%91%22background_color_gradient_stops%22,%22background_color_gradient_stops%22%93,%22gcid-d119accd-44d7-4f2f-b9d7-599c8463324b%22:%91%22background_color_gradient_stops%22,%22background_color_gradient_stops%22%93}&#8221; title_text=&#8221;Foto-Antonio-Dionisi-durante-una-lezione-elaborata-dal-grafico-1024&#215;623&#8243; sticky_enabled=&#8221;0&#8243;][et_pb_row _builder_version=&#8221;4.25.1&#8243; _module_preset=&#8221;default&#8221; global_colors_info=&#8221;{}&#8221;][et_pb_column type=&#8221;4_4&#8243; _builder_version=&#8221;4.25.1&#8243; _module_preset=&#8221;default&#8221; global_colors_info=&#8221;{}&#8221;][et_pb_heading title=&#8221;\u201cE vennero i soldati del Genio\u201d. L\u02bcimpianto materiale della Scuola&#8221; _builder_version=&#8221;4.27.4&#8243; _module_preset=&#8221;e124da90-24ae-4e5e-b911-9e7686e707c5&#8243; title_text_align=&#8221;center&#8221; title_text_color=&#8221;#FFFFFF&#8221; custom_margin=&#8221;||10px||false|false&#8221; global_colors_info=&#8221;{}&#8221;][\/et_pb_heading][\/et_pb_column][\/et_pb_row][et_pb_row column_structure=&#8221;1_4,1_4,1_4,1_4&#8243; make_equal=&#8221;on&#8221; _builder_version=&#8221;4.27.4&#8243; _module_preset=&#8221;default&#8221; global_colors_info=&#8221;{}&#8221;][et_pb_column type=&#8221;1_4&#8243; _builder_version=&#8221;4.27.4&#8243; _module_preset=&#8221;117e46ea-81d3-47bf-bb9d-fe3c048d5057&#8243; background_enable_color=&#8221;off&#8221; global_colors_info=&#8221;{}&#8221;][\/et_pb_column][et_pb_column type=&#8221;1_4&#8243; _builder_version=&#8221;4.25.2&#8243; _module_preset=&#8221;117e46ea-81d3-47bf-bb9d-fe3c048d5057&#8243; global_colors_info=&#8221;{}&#8221;][et_pb_heading title=&#8221;L&#8217;impianto Materiale&#8221; url=&#8221;https:\/\/universitacastrense.eu\/index.php\/genio\/#genesi&#8221; _builder_version=&#8221;4.27.4&#8243; _module_preset=&#8221;default&#8221; global_colors_info=&#8221;{}&#8221;][\/et_pb_heading][\/et_pb_column][et_pb_column type=&#8221;1_4&#8243; _builder_version=&#8221;4.27.4&#8243; _module_preset=&#8221;117e46ea-81d3-47bf-bb9d-fe3c048d5057&#8243; global_colors_info=&#8221;{}&#8221;][et_pb_heading title=&#8221;I corpi offesi&#8221; url=&#8221;https:\/\/universitacastrense.eu\/index.php\/genio\/#pietro-giacosa&#8221; _builder_version=&#8221;4.27.4&#8243; _module_preset=&#8221;default&#8221; global_colors_info=&#8221;{}&#8221;][\/et_pb_heading][\/et_pb_column][et_pb_column type=&#8221;1_4&#8243; _builder_version=&#8221;4.27.4&#8243; _module_preset=&#8221;117e46ea-81d3-47bf-bb9d-fe3c048d5057&#8243; background_enable_color=&#8221;off&#8221; global_colors_info=&#8221;{}&#8221;][\/et_pb_column][\/et_pb_row][et_pb_row column_structure=&#8221;1_3,1_3,1_3&#8243; make_equal=&#8221;on&#8221; _builder_version=&#8221;4.27.4&#8243; _module_preset=&#8221;default&#8221; global_colors_info=&#8221;{}&#8221;][et_pb_column type=&#8221;1_3&#8243; _builder_version=&#8221;4.25.2&#8243; _module_preset=&#8221;117e46ea-81d3-47bf-bb9d-fe3c048d5057&#8243; global_colors_info=&#8221;{}&#8221;][et_pb_heading title=&#8221;Professori&#8221; url=&#8221;https:\/\/universitacastrense.eu\/index.php\/genio\/#tusini&#8221; _builder_version=&#8221;4.27.4&#8243; _module_preset=&#8221;default&#8221; global_colors_info=&#8221;{}&#8221;][\/et_pb_heading][\/et_pb_column][et_pb_column type=&#8221;1_3&#8243; _builder_version=&#8221;4.25.2&#8243; _module_preset=&#8221;117e46ea-81d3-47bf-bb9d-fe3c048d5057&#8243; global_colors_info=&#8221;{}&#8221;][et_pb_heading title=&#8221;La guerra &#8211; un laboratorio&#8221; url=&#8221;https:\/\/universitacastrense.eu\/index.php\/genio\/#lab&#8221; _builder_version=&#8221;4.27.4&#8243; _module_preset=&#8221;default&#8221; global_colors_info=&#8221;{}&#8221;][\/et_pb_heading][\/et_pb_column][et_pb_column type=&#8221;1_3&#8243; _builder_version=&#8221;4.27.4&#8243; _module_preset=&#8221;117e46ea-81d3-47bf-bb9d-fe3c048d5057&#8243; global_colors_info=&#8221;{}&#8221;][et_pb_heading title=&#8221;L&#8217;ordinamento didattico&#8221; url=&#8221;https:\/\/universitacastrense.eu\/index.php\/genio\/#primoanno&#8221; _builder_version=&#8221;4.27.4&#8243; _module_preset=&#8221;default&#8221; global_colors_info=&#8221;{}&#8221;][\/et_pb_heading][\/et_pb_column][\/et_pb_row][\/et_pb_section][et_pb_section fb_built=&#8221;1&#8243; admin_label=&#8221;About&#8221; _builder_version=&#8221;4.25.1&#8243; _module_preset=&#8221;default&#8221; collapsed=&#8221;on&#8221; global_colors_info=&#8221;{}&#8221;][et_pb_row column_structure=&#8221;1_2,1_2&#8243; admin_label=&#8221;genesi&#8221; module_id=&#8221;genesi&#8221; _builder_version=&#8221;4.27.4&#8243; _module_preset=&#8221;default&#8221; global_colors_info=&#8221;{}&#8221;][et_pb_column type=&#8221;1_2&#8243; _builder_version=&#8221;4.25.1&#8243; _module_preset=&#8221;default&#8221; global_colors_info=&#8221;{}&#8221;][et_pb_heading title=&#8221;1 &#8211; E vennero i soldati del Genio. L\u02bcimpianto materiale della Scuola&#8221; _builder_version=&#8221;4.27.4&#8243; _module_preset=&#8221;c33f07d9-41e0-421a-8799-5799df695cce&#8221; title_level=&#8221;h2&#8243; title_font=&#8221;Cormorant Garamond|Cormorant Garamond_weight|||||||&#8221; title_text_color=&#8221;#0e0c19&#8243; title_font_size=&#8221;50px&#8221; title_line_height=&#8221;1.2em&#8221; custom_margin=&#8221;||10px||false|false&#8221; title_font_size_tablet=&#8221;28px&#8221; title_font_size_phone=&#8221;20px&#8221; title_font_size_last_edited=&#8221;on|phone&#8221; global_colors_info=&#8221;{}&#8221;][\/et_pb_heading][\/et_pb_column][et_pb_column type=&#8221;1_2&#8243; _builder_version=&#8221;4.25.1&#8243; _module_preset=&#8221;default&#8221; global_colors_info=&#8221;{}&#8221;][et_pb_text quote_border_color=&#8221;#bf3900&#8243; _builder_version=&#8221;4.27.4&#8243; _module_preset=&#8221;2c55a9c4-feed-423b-9edb-ae0b5b365cac&#8221; text_font=&#8221;Proza Libre|Proza Libre_weight|||||||&#8221; text_text_color=&#8221;#3c3a47&#8243; text_font_size=&#8221;16px&#8221; text_line_height=&#8221;1.75em&#8221; link_font=&#8221;|Proza Libre_weight|||||||&#8221; link_text_color=&#8221;#03045e&#8221; quote_font=&#8221;Cormorant Garamond|Cormorant Garamond_weight|||||||&#8221; quote_text_color=&#8221;#0e0c19&#8243; header_font=&#8221;Cormorant Garamond|Cormorant Garamond_weight|||||||&#8221; header_text_color=&#8221;#0e0c19&#8243; header_font_size=&#8221;72px&#8221; header_line_height=&#8221;1.15em&#8221; header_2_font=&#8221;Cormorant Garamond|Cormorant Garamond_weight|||||||&#8221; header_2_text_color=&#8221;#0e0c19&#8243; header_2_font_size=&#8221;50px&#8221; header_2_line_height=&#8221;1.2em&#8221; header_3_font=&#8221;Cormorant Garamond|Cormorant Garamond_weight|||||||&#8221; header_3_text_color=&#8221;#0e0c19&#8243; header_3_font_size=&#8221;32px&#8221; header_3_line_height=&#8221;1.3em&#8221; header_4_font=&#8221;Cormorant Garamond|Cormorant Garamond_weight|||||||&#8221; header_4_text_color=&#8221;#0e0c19&#8243; header_4_font_size=&#8221;24px&#8221; header_4_line_height=&#8221;1.4em&#8221; header_5_font=&#8221;Cormorant Garamond|Cormorant Garamond_weight|||||||&#8221; header_5_text_color=&#8221;#0e0c19&#8243; header_5_font_size=&#8221;18px&#8221; header_5_line_height=&#8221;1.4em&#8221; header_6_font=&#8221;Cormorant Garamond|Cormorant Garamond_weight|||||||&#8221; header_6_text_color=&#8221;#0e0c19&#8243; header_6_line_height=&#8221;1.5em&#8221; custom_margin=&#8221;||||false|false&#8221; text_font_size_tablet=&#8221;15px&#8221; text_font_size_phone=&#8221;14px&#8221; text_font_size_last_edited=&#8221;on|phone&#8221; header_font_size_tablet=&#8221;40px&#8221; header_font_size_phone=&#8221;24px&#8221; header_font_size_last_edited=&#8221;on|desktop&#8221; header_2_font_size_tablet=&#8221;28px&#8221; header_2_font_size_phone=&#8221;20px&#8221; header_2_font_size_last_edited=&#8221;on|phone&#8221; header_3_font_size_tablet=&#8221;22px&#8221; header_3_font_size_phone=&#8221;17px&#8221; header_3_font_size_last_edited=&#8221;on|phone&#8221; header_4_font_size_tablet=&#8221;18px&#8221; header_4_font_size_phone=&#8221;15px&#8221; header_4_font_size_last_edited=&#8221;on|tablet&#8221; header_5_font_size_tablet=&#8221;15px&#8221; header_5_font_size_phone=&#8221;14px&#8221; header_5_font_size_last_edited=&#8221;on|desktop&#8221; header_6_font_size_tablet=&#8221;13px&#8221; header_6_font_size_phone=&#8221;13px&#8221; header_6_font_size_last_edited=&#8221;on|desktop&#8221; global_colors_info=&#8221;{}&#8221;]<\/p>\n<section class=\"capsule padded site-section scrollspy_anchor\" id=\"s1\">\n<blockquote class=\"blockquote\">\n<p>[\u2026] E vennero i soldati del Genio, e in due settimane costruirono le due enormi e magnifiche baracche da servire di refettorio e d\u2019alloggio agli studenti; fabbricarono, sempre in legno, i padiglioni dell\u2019Aula Magna e quello dell\u2019anfiteatro anatomico; un altro anfiteatro sistemarono in una sala del Municipio; riunirono con passaggi coperti le due ali di questo palazzo; provvidero agli impianti d\u2019acqua e di luce elettrica che occorrevano; poi diedero alla lesta l\u2019ultima mano, e tutto fu ripulito, verniciato, abbellito. Bisognava nello stesso tempo impiantare i laboratori, le sale d\u2019operazione, la segreteria; disporre il copioso materiale necessario; creare una biblioteca e delle cliniche speciali. Di questo si occuparono, ciascuno per la sua parte, i professori e gli assistenti che frattanto erano stati nominati[\u2026]. Con tutto il resto si organizzarono cos\u00ec un laboratorio batteriologico, un altro di anatomia patologica, un terzo per le analisi chimiche; si appront\u00f2 una clinica ostetrica e un ospedaletto per bambini. Coi libri che i professori portarono con s\u00e9, anche la piccola biblioteca universitaria era formata [\u2026].<\/p>\n<p>Si sono fatte le cose con signorilit\u00e0 e con la massima cura. L\u2019universit\u00e0 \u00e8 sorta quasi per incanto e non solo nel senso metaforico, ma anche in realt\u00e0: ed \u00e8 un\u2019universit\u00e0 moderna, non strozzata entro le ristrette mura d\u2019un solo edificio ma distribuita secondo i pi\u00f9 moderni criteri in vari padiglioni ampi e comodi, costruiti appositamente per lo scopo cui devono servire. L\u2019aula magna \u2013 che non ha la sontuosit\u00e0 di quelle dei nostri atenei \u2013 ha per\u00f2 un aspetto solenne: tutta in legno verniciato, con un piccolo atrio e con l\u2019ampia gradinata ad anfiteatro rischiarata da numerose finestre che diffondono una luce uguale e abbondante, non parrebbe certo costruita in pochi giorni, a pochi chilometri dalle trincee dove tutto \u00e8 distruzione e rovina. Nel grazioso palazzo del Municipio \u2013 costruito a semicerchio e formato da tre edifici uniti da un loggiato \u2013 hanno trovato posto le cliniche con la sala anatomica, essa pure ad anfiteatro ed opportunissima perch\u00e9 posta nel centro del palazzo, tra le cliniche. Vi \u00e8 poi il padiglione di anatomia patologica con i vari gabinetti per le necroscopie[\u2026]. Di modo che in due settimane, la Scuola da campo era in ordine. Non mancavano che gli studenti ma si era pronti a riceverli. Ed essi vennero, con puntualit\u00e0 militare, con animazione studentesca: italiani di tutte le province, rappresentanti di tutte le universit\u00e0, soldati della legione studentesca che alla patria avevano dato il loro contributo.<sup class=\"modal-trigger\" data-modal=\"#_ftn1\">1<\/sup><\/p>\n<\/blockquote>\n<p>San Giorgio di Nogaro, cittadina di retrovia del Friuli (territorio diventato suo malgrado<span>\u00a0<\/span><em>capitale di<span>\u00a0<\/span><\/em>guerra), dalla met\u00e0 di gennaio 1916 fu attraversata da una febbrile attivit\u00e0 in vista dell\u2019allestimento degli spazi necessari al funzionamento della Scuola; se ne fece carico il Genio militare, alle dipendenze della Soprintendenza di cui era allora titolare il generale Stefano Lombardi. Importante fu anche la profonda sintonia d\u2019intenti tra Tusini e il suo referente gerarchico colonnello Lorenzo Bonomo, che dal 26 settembre 1915 aveva assunto il ruolo di Direttore di Sanit\u00e0 della III Armata.<\/p>\n<p>Il decreto stabiliva la sede dei corsi in un centro ospedaliero posto nelle retrovie della III Armata sulla strada che da Venezia portava all\u2019antico confine, distante circa 40 chilometri da Gorizia, servito dalla stazione ferroviaria e, grazie a un porto fluviale di antica tradizione, collegato al mare tramite la laguna di Marano \u2013 percorsa dal canale della Litoranea Veneta da poco riattivata a scopi bellici.<sup class=\"modal-trigger\" data-modal=\"#_ftn2\">2<\/sup><span>\u00a0<\/span>Gi\u00e0 da marzo 1915, temendo che l\u2019Austria potesse prevenire la mobilitazione con un improvviso attacco a nord est, nella vicina fortezza di Palmanova ci fu una straordinaria concentrazione di truppe e materiali, mentre tutti gli edifici disponibili di San Giorgio di Nogaro furono requisiti e attrezzati per il ricovero temporaneo delle truppe in transito verso il fronte, ma soprattutto per l\u2019impianto di strutture con funzioni sanitarie e ospedaliere. Repentinamente il paese si trasform\u00f2 in un<span>\u00a0<\/span><em>ospedale diffuso<span>\u00a0<\/span><\/em>che all\u2019acme del conflitto avr\u00e0 la capienza di circa 3.000 posti letto disseminati nelle molte strutture (se ne contarono fino a quattordici), sorte in un centro di poche migliaia di abitanti.<\/p>\n<p>\u00c8 ancora Tusini ad argomentare l\u2019ottima logistica della sede scelta per la nuova Scuola, in una relazione di sintesi inviata al ministro della P.I. il 19 marzo 1916, con il corredo di immagini fotografiche atte a dimostrare:<\/p>\n<p>&nbsp;<\/p>\n<blockquote class=\"blockquote\">\n<p>[\u2026] L\u2019importanza attuale di S. Giorgio quale centro e nodo ferroviario a cui convengono tutte le vie di comunicazione della parte pi\u00f9 estesa del fronte di Guerra, e l\u2019addensamento di Ospedali che fanno di tutto S. Giorgio un vero e proprio centro sanitario di raccolta dal fronte e di smistamento verso la Zona Territoriale.<\/p>\n<p>L\u2019essere S. Giorgio di Nogaro un piccolo paese con modestissime risorse locali costituisce appunto un pregio per la sede di un insegnamento che vuole addestrare i giovani precisamente a tutti quei soccorsi di urgenza che saranno indispensabili a conoscersi da essi per metterli in pratica poi l\u00e0 dove le risorse locali saranno anche assai pi\u00f9 ridotte di quelle che offre questa localit\u00e0.<sup class=\"modal-trigger\" data-modal=\"#_ftn3\">3<\/sup>\u00a0\u00a0<\/p>\n<\/blockquote>\n<p>&nbsp;<\/p>\n<p>La relazione allega via via la sequenza fotografica dei locali nei quali vennero collocati:<\/p>\n<p>&nbsp;<\/p>\n<p>(Municipio) Gli uffici di Direzione, di Segreteria, di adunanza dei professori, la biblioteca, un\u2019aula di lezioni ed una sala di operazioni in servizio dei due ospedali contigui nelle ali laterali del fabbricato, nelle quali sono installati gli ospedali 39 e 40 [di C.R.I.] scelti per la raccolta dei malati pi\u00f9 importanti della Clinica Chirurgica.<\/p>\n<p>&nbsp;<\/p>\n<ul>\n<li>\n<p>l\u2019Ospedale n. 238, da 200 letti, il quale in caso di affluenza pu\u00f2 raccogliere (come ha gi\u00e0 raccolto), oltre 600 malati per uso della Clinica Medica con:<\/p>\n<\/li>\n<li>\n<p>l\u2019infermeria annessa all\u2019Ospedale suddetto (238) e capace a sua volta di 70 infermi di malattie infettive.<\/p>\n<\/li>\n<li>\n<p>l\u2019Ospedale 234 per le malattie dell\u2019orecchio, naso e gola.<\/p>\n<\/li>\n<li>\n<p>i reparti dello stesso ospedale (234) adibiti a Clinica dermosifilopatica ed a clinica oculistica.<\/p>\n<\/li>\n<li>\n<p>il reparto delle malattie nervose e mentali (ospedale 234).<\/p>\n<\/li>\n<li>\n<p>l\u2019Ospedale 5 per malati prevalentemente chirurgici.<\/p>\n<\/li>\n<li>\n<p>l\u2019Ospedale 42 per malati misti di medicina e chirurgia.<\/p>\n<\/li>\n<li>\n<p>L\u2019Ospedale 50 in cui \u00e8 situato un reparto ostetrico-ginecologico dimostrativo per gli studenti.<\/p>\n<\/li>\n<li>\n<p>l\u2019Ospedale di Latisana in cui \u00e8 situata la Clinica ostetrico-ginecologica per assistenza ai parti e alle operazioni ostetrico-ginecologiche.<\/p>\n<\/li>\n<li>\n<p>la Clinica ostetrica (Latisana).<\/p>\n<\/li>\n<li>\n<p>la Clinica pediatrica.<\/p>\n<\/li>\n<li>\n<p>l\u2019aula per le autopsie e le lezioni di anatomia patologica, di medicina operatoria e relativi esercizi, per le lezioni e le dimostrazioni sul cadavere di medicina legale.<\/p>\n<\/li>\n<li>\n<p>l\u2019aula per le lezioni di clinica medica, di clinica chirurgica, di traumatologia di guerra, di protesi degli arti, d\u2019igiene e profilassi.<\/p>\n<\/li>\n<li>\n<p>l\u2019aula per le lezioni della specialit\u00e0 oftalmica, otorinolaringoiatrica, dermosifilopatica, psichiatrica e stomatoiatrica.<\/p>\n<\/li>\n<li>\n<p>ospedale n. 8.<\/p>\n<\/li>\n<li>\n<p>i dormitori degli studenti.<\/p>\n<\/li>\n<li>\n<p>il refettorio degli allievi.<\/p>\n<\/li>\n<li>\n<p>aula per lo studio.<\/p>\n<\/li>\n<li>\n<p>il laboratorio chimico-batteriologico di Igiene, Profilassi ed Epidemiologia.<\/p>\n<\/li>\n<\/ul>\n<p>&nbsp;<\/p>\n<blockquote class=\"blockquote\">\n<p>Mi permetto di far notare alla E.V. che, ad eccezione delle aule p) e q) le quali furono costruite ex novo, tutti gli altri ambienti erano adibiti per ricovero di truppe di passaggio e di profughi. Inoltre \u00e8 bene che si tenga conto che tanto il refettorio come le baracche per le truppe di passaggio, ed in parte il locale pei profughi, ora dormitorio degli studenti, sono fatti di modo che all\u2019occasione possono servire, come gi\u00e0 in parte hanno servito, a ricovero di malati.<\/p>\n<p>Il locale di un antico cinematografo, ora sala di studio, era gi\u00e0 stato requisito dall\u2019autorit\u00e0 militare ed in parte \u00e8 anche adesso sempre disponibile per deposito di cereali, cosicch\u00e9 la spesa per allestimento di tutti i locali si riduce a cosa veramente irrisoria.<\/p>\n<p>Se tutte le spese che servono per il ricovero degli studenti e per servizio scolastico, fossero fatte esclusivamente per la scuola, avrebbero importata forse una somma di circa 50.000 lire compreso il materiale, giacch\u00e9 tutte le costruzioni sono esclusivamente in legno grezzo e cartone incatramato come tutte le altre costruzioni per la truppa [\u2026].<\/p>\n<p>Naturalmente tutti gli ospedali esistevano gi\u00e0 e funzionavano perfettamente e nello stesso modo come funzionano adesso. Cos\u00ec pure il laboratorio chimico-batteriologico esisteva per il servizio di un numero cos\u00ec ragguardevole di ospedali raccolti in S. Giorgio.<sup class=\"modal-trigger\" data-modal=\"#_ftn4\">4<\/sup><\/p>\n<\/blockquote>\n<\/section>\n<section class=\"capsule padded site-section scrollspy_anchor\" id=\"s2\"><\/section>\n<p>[\/et_pb_text][\/et_pb_column][\/et_pb_row][et_pb_row column_structure=&#8221;1_2,1_2&#8243; admin_label=&#8221;PietroGiacosa&#8221; module_id=&#8221;pietro-giacosa&#8221; _builder_version=&#8221;4.27.4&#8243; _module_preset=&#8221;default&#8221; global_colors_info=&#8221;{}&#8221;][et_pb_column type=&#8221;1_2&#8243; _builder_version=&#8221;4.25.1&#8243; _module_preset=&#8221;default&#8221; global_colors_info=&#8221;{}&#8221;][et_pb_heading title=&#8221;2 &#8211; I corpi offesi: Ospedali di guerra a San Giorgio di Nogaro&#8221; _builder_version=&#8221;4.27.4&#8243; _module_preset=&#8221;c33f07d9-41e0-421a-8799-5799df695cce&#8221; title_level=&#8221;h2&#8243; title_font=&#8221;Cormorant Garamond|Cormorant Garamond_weight|||||||&#8221; title_text_color=&#8221;#0e0c19&#8243; title_font_size=&#8221;50px&#8221; title_line_height=&#8221;1.2em&#8221; custom_margin=&#8221;||10px||false|false&#8221; title_font_size_tablet=&#8221;28px&#8221; title_font_size_phone=&#8221;20px&#8221; title_font_size_last_edited=&#8221;on|phone&#8221; global_colors_info=&#8221;{}&#8221;][\/et_pb_heading][\/et_pb_column][et_pb_column type=&#8221;1_2&#8243; _builder_version=&#8221;4.25.1&#8243; _module_preset=&#8221;default&#8221; global_colors_info=&#8221;{}&#8221;][et_pb_text quote_border_color=&#8221;#bf3900&#8243; _builder_version=&#8221;4.27.4&#8243; _module_preset=&#8221;2c55a9c4-feed-423b-9edb-ae0b5b365cac&#8221; text_font=&#8221;Proza Libre|Proza Libre_weight|||||||&#8221; text_text_color=&#8221;#3c3a47&#8243; text_font_size=&#8221;16px&#8221; text_line_height=&#8221;1.75em&#8221; link_font=&#8221;|Proza Libre_weight|||||||&#8221; link_text_color=&#8221;#03045e&#8221; quote_font=&#8221;Cormorant Garamond|Cormorant Garamond_weight|||||||&#8221; quote_text_color=&#8221;#0e0c19&#8243; header_font=&#8221;Cormorant Garamond|Cormorant Garamond_weight|||||||&#8221; header_text_color=&#8221;#0e0c19&#8243; header_font_size=&#8221;72px&#8221; header_line_height=&#8221;1.15em&#8221; header_2_font=&#8221;Cormorant Garamond|Cormorant Garamond_weight|||||||&#8221; header_2_text_color=&#8221;#0e0c19&#8243; header_2_font_size=&#8221;50px&#8221; header_2_line_height=&#8221;1.2em&#8221; header_3_font=&#8221;Cormorant Garamond|Cormorant Garamond_weight|||||||&#8221; header_3_text_color=&#8221;#0e0c19&#8243; header_3_font_size=&#8221;32px&#8221; header_3_line_height=&#8221;1.3em&#8221; header_4_font=&#8221;Cormorant Garamond|Cormorant Garamond_weight|||||||&#8221; header_4_text_color=&#8221;#0e0c19&#8243; header_4_font_size=&#8221;24px&#8221; header_4_line_height=&#8221;1.4em&#8221; header_5_font=&#8221;Cormorant Garamond|Cormorant Garamond_weight|||||||&#8221; header_5_text_color=&#8221;#0e0c19&#8243; header_5_font_size=&#8221;18px&#8221; header_5_line_height=&#8221;1.4em&#8221; header_6_font=&#8221;Cormorant Garamond|Cormorant Garamond_weight|||||||&#8221; header_6_text_color=&#8221;#0e0c19&#8243; header_6_line_height=&#8221;1.5em&#8221; custom_margin=&#8221;||||false|false&#8221; text_font_size_tablet=&#8221;15px&#8221; text_font_size_phone=&#8221;14px&#8221; text_font_size_last_edited=&#8221;on|phone&#8221; header_font_size_tablet=&#8221;40px&#8221; header_font_size_phone=&#8221;24px&#8221; header_font_size_last_edited=&#8221;on|desktop&#8221; header_2_font_size_tablet=&#8221;28px&#8221; header_2_font_size_phone=&#8221;20px&#8221; header_2_font_size_last_edited=&#8221;on|phone&#8221; header_3_font_size_tablet=&#8221;22px&#8221; header_3_font_size_phone=&#8221;17px&#8221; header_3_font_size_last_edited=&#8221;on|phone&#8221; header_4_font_size_tablet=&#8221;18px&#8221; header_4_font_size_phone=&#8221;15px&#8221; header_4_font_size_last_edited=&#8221;on|tablet&#8221; header_5_font_size_tablet=&#8221;15px&#8221; header_5_font_size_phone=&#8221;14px&#8221; header_5_font_size_last_edited=&#8221;on|desktop&#8221; header_6_font_size_tablet=&#8221;13px&#8221; header_6_font_size_phone=&#8221;13px&#8221; header_6_font_size_last_edited=&#8221;on|desktop&#8221; global_colors_info=&#8221;{}&#8221;]<\/p>\n<section class=\"capsule padded site-section scrollspy_anchor\" id=\"s2\">\n<p>L\u2019aumento progressivo del numero degli ospedali insediati a San Giorgio dallo scoppio della guerra, diventa il sensore che registra<span>\u00a0<\/span><em>l\u2019escalation<span>\u00a0<\/span><\/em>dell\u2019emergenza sanitaria al fronte: quasi una sorta di contrappunto alla sequenza sanguinosa delle dodici \u201cbattaglie dell\u2019Isonzo\u201d, dal 23 giugno 1915 a Caporetto.<\/p>\n<p>Sono<span>\u00a0<\/span><strong>8<span>\u00a0<\/span><\/strong>gli ospedali presenti in paese gi\u00e0 dai primi mesi del conflitto:<span>\u00a0<\/span><strong>6 \u201cdi guerra\u201d della Croce Rossa Italiana<span>\u00a0<\/span><\/strong>(ciascuno da 50 posti-letto) e<span>\u00a0<\/span><strong>2 \u201cda campo\u201d dell\u2019Esercito<span>\u00a0<\/span><\/strong>(entrambi da 200 posti-letto), con una disponibilit\u00e0 realisticamente quantificabile in<span>\u00a0<\/span><strong>circa 1.100 posti-letto<\/strong>, almeno fino a maggio 1916.<\/p>\n<p>Numeri che saranno poi implementati dalla<span>\u00a0<\/span><em>gemmazione<span>\u00a0<\/span><\/em>di molte sedi secondarie per le diverse patologie e dall\u2019allestimento di alcune tendopoli nelle adiacenze degli ospedali principali, anche in funzione dei bisogni didattico-operativi della Scuola medica da campo (Universit\u00e0 Castrense).<\/p>\n<p>Il carattere temporaneo di alcuni allestimenti, il passaggio di piccoli ospedali<span>\u00a0<\/span><em>someggiati<span>\u00a0<\/span><\/em>(quindi<span>\u00a0<\/span><em>mobili<\/em>), il riflesso condizionato delle vicende militari e delle correlate emergenze di soccorso e cura, lo stesso respiro pulsante del<span>\u00a0<\/span><em>campus<span>\u00a0<\/span><\/em>universitario con le sue necessit\u00e0 didattiche e sperimentali, spiegano la difficolt\u00e0 di poter tracciare una<span>\u00a0<\/span><em>mappa<span>\u00a0<\/span><\/em>certa e definitiva degli insediamenti sanitari nel territorio.<\/p>\n<p>Pur con queste riserve, nell\u2019arco temporale che va dallo scoppio del conflitto a fine maggio 1916 (la ricerca \u00e8 ancora<span>\u00a0<\/span><em>in progress<\/em>), a San Giorgio di Nogaro \u00e8 documentata la presenza delle seguenti strutture sanitarie:<\/p>\n<p><strong>Ospedali del II Gruppo della Terza Armata<\/strong><\/p>\n<p><strong>numero 234<\/strong><span>\u00a0<\/span>(nel 1915 in via Paolo Diacono \u2013 allora Asilo \u201cPrincipessa Jolanda\u201d che sarebbe diventato sede staccata per alienati mentali dello stesso ospedale, compresa la tendopoli negli spazi retrostanti). Successivamente il n. 234 fu trasferito presso casa Maran in localit\u00e0 Chiarisacco, occupando gli spazi dell\u2019ospedale n. 8.<\/p>\n<p>Afferivano a questa grande struttura anche gli ospedali n. 34, 42 e 50;<\/p>\n<p><strong>numero 238<\/strong><span>\u00a0<\/span>(originariamente in casa Margreth; da dicembre 1916 a ottobre 1917 trasferito alle \u201cFornaci Foghini\u201d e ampliato con due reparti d\u2019isolamento).<\/p>\n<p><strong>Ospedali di guerra della Croce Rossa Italiana<\/strong><\/p>\n<p>&nbsp;<\/p>\n<ul>\n<li>\n<ul>\n<li>\n<p>numero 16 (fino a maggio 1916 a Villanova \u2013 Porto Nogaro);<\/p>\n<\/li>\n<li>\n<p>numero 39 e numero 40 (nelle due ali speculari del Municipio);<\/p>\n<\/li>\n<li>\n<p>numero 8 (all\u2019origine accampato nelle adiacenze di casa Maran a Chiarisacco, dalla fine di gennaio 1916 sar\u00e0 trasferito nell\u2019ala centrale del Municipio: qui assorbir\u00e0 i preesistenti ospedali n. 39 e 40 per diventare un ospedale unico);<\/p>\n<\/li>\n<li>\n<p>numero 42 (presso l\u2019ex casa Marcon, all\u2019imbocco di via Paluduz a Chiarisacco);<\/p>\n<\/li>\n<li>\n<p>numero 50 (Chiarisacco \u2013 case e cortile poi Sguazzin). Adibito alla cura di donne e neonati. successivamente venivano praticati interventi di chirurgia maxillo-facciale e di oculistica;<\/p>\n<\/li>\n<li>\n<p>numero 34 (Chiarisacco \u2013 via Emilia \u2013 nell\u2019edificio allora denominato \u201cPalazzat\u201d \u2013 con funzioni di ricovero e cura di alienati gravi e pericolosi];<\/p>\n<\/li>\n<li>\n<p>numero 5 [alla data del 15 marzo 1916 segnalato in \u201czona Fornaci\u201d];<\/p>\n<\/li>\n<li>\n<p>numero 10 (via Ammiraglio Canciani).<\/p>\n<\/li>\n<\/ul>\n<\/li>\n<\/ul>\n<p>&nbsp;<\/p>\n<p>Nell\u2019estate 1916, nei baraccamenti del<span>\u00a0<\/span><em>campus<span>\u00a0<\/span><\/em>universitario castrense che gli studenti avevano abbandonato a fine maggio, trovarono sede ulteriori postazioni di cura e assistenza, fra cui l\u2019ospedale di Croce Rossa<span>\u00a0<\/span><strong>n. 36<span>\u00a0<\/span><\/strong>(con 150 posti letto).<\/p>\n<p>Successive variabili nella dislocazione delle strutture ospedaliere non sono registrate in questo \u201cfermo immagine\u201d, perch\u00e9 di minore rilievo.<\/p>\n<p>La \u201crotta\u201d di Caporetto travolse anche il sistema sanitario sangiorgino: dalla stazione ferroviaria nell\u2019arco di 48 ore furono sfollati oltre 10.000 tra infermi e malati. Gli ospedali furono trasferiti oltre il Piave e parte delle attrezzature abbandonate all\u2019occupazione austriaca. Dopo il ritorno dell\u2019esercito italiano, alla fine del 1918, nell\u2019originaria sede dell\u2019ospedale 234 (Chiarisacco), utilizzata per scopi sanitari anche dagli austriaci, trov\u00f2 posto l\u2019ospedale da campo n. 014.\u00a0\u00a0<\/p>\n<\/section>\n<section class=\"capsule padded site-section scrollspy_anchor\" id=\"s3\"><\/section>\n<p>[\/et_pb_text][\/et_pb_column][\/et_pb_row][et_pb_row column_structure=&#8221;1_2,1_2&#8243; module_id=&#8221;tusini&#8221; _builder_version=&#8221;4.27.4&#8243; _module_preset=&#8221;default&#8221; global_colors_info=&#8221;{}&#8221;][et_pb_column type=&#8221;1_2&#8243; _builder_version=&#8221;4.25.1&#8243; _module_preset=&#8221;default&#8221; global_colors_info=&#8221;{}&#8221;][et_pb_heading title=&#8221;3 &#8211; Professori \u2026 sarebbero lieti e fieri di continuare a prestare l\u02bcopera loro al campo&#8221; _builder_version=&#8221;4.27.4&#8243; _module_preset=&#8221;c33f07d9-41e0-421a-8799-5799df695cce&#8221; title_level=&#8221;h2&#8243; title_font=&#8221;Cormorant Garamond|Cormorant Garamond_weight|||||||&#8221; title_text_color=&#8221;#0e0c19&#8243; title_font_size=&#8221;50px&#8221; title_line_height=&#8221;1.2em&#8221; custom_margin=&#8221;||10px||false|false&#8221; title_font_size_tablet=&#8221;28px&#8221; title_font_size_phone=&#8221;20px&#8221; title_font_size_last_edited=&#8221;on|phone&#8221; global_colors_info=&#8221;{}&#8221;][\/et_pb_heading][\/et_pb_column][et_pb_column type=&#8221;1_2&#8243; _builder_version=&#8221;4.25.1&#8243; _module_preset=&#8221;default&#8221; global_colors_info=&#8221;{}&#8221;][et_pb_text quote_border_color=&#8221;#bf3900&#8243; _builder_version=&#8221;4.27.4&#8243; _module_preset=&#8221;2c55a9c4-feed-423b-9edb-ae0b5b365cac&#8221; text_font=&#8221;Proza Libre|Proza Libre_weight|||||||&#8221; text_text_color=&#8221;#3c3a47&#8243; text_font_size=&#8221;16px&#8221; text_line_height=&#8221;1.75em&#8221; link_font=&#8221;|Proza Libre_weight|||||||&#8221; link_text_color=&#8221;#03045e&#8221; quote_font=&#8221;Cormorant Garamond|Cormorant Garamond_weight|||||||&#8221; quote_text_color=&#8221;#0e0c19&#8243; header_font=&#8221;Cormorant Garamond|Cormorant Garamond_weight|||||||&#8221; header_text_color=&#8221;#0e0c19&#8243; header_font_size=&#8221;72px&#8221; header_line_height=&#8221;1.15em&#8221; header_2_font=&#8221;Cormorant Garamond|Cormorant Garamond_weight|||||||&#8221; header_2_text_color=&#8221;#0e0c19&#8243; header_2_font_size=&#8221;50px&#8221; header_2_line_height=&#8221;1.2em&#8221; header_3_font=&#8221;Cormorant Garamond|Cormorant Garamond_weight|||||||&#8221; header_3_text_color=&#8221;#0e0c19&#8243; header_3_font_size=&#8221;32px&#8221; header_3_line_height=&#8221;1.3em&#8221; header_4_font=&#8221;Cormorant Garamond|Cormorant Garamond_weight|||||||&#8221; header_4_text_color=&#8221;#0e0c19&#8243; header_4_font_size=&#8221;24px&#8221; header_4_line_height=&#8221;1.4em&#8221; header_5_font=&#8221;Cormorant Garamond|Cormorant Garamond_weight|||||||&#8221; header_5_text_color=&#8221;#0e0c19&#8243; header_5_font_size=&#8221;18px&#8221; header_5_line_height=&#8221;1.4em&#8221; header_6_font=&#8221;Cormorant Garamond|Cormorant Garamond_weight|||||||&#8221; header_6_text_color=&#8221;#0e0c19&#8243; header_6_line_height=&#8221;1.5em&#8221; custom_margin=&#8221;||||false|false&#8221; text_font_size_tablet=&#8221;15px&#8221; text_font_size_phone=&#8221;14px&#8221; text_font_size_last_edited=&#8221;on|phone&#8221; header_font_size_tablet=&#8221;40px&#8221; header_font_size_phone=&#8221;24px&#8221; header_font_size_last_edited=&#8221;on|desktop&#8221; header_2_font_size_tablet=&#8221;28px&#8221; header_2_font_size_phone=&#8221;20px&#8221; header_2_font_size_last_edited=&#8221;on|phone&#8221; header_3_font_size_tablet=&#8221;22px&#8221; header_3_font_size_phone=&#8221;17px&#8221; header_3_font_size_last_edited=&#8221;on|phone&#8221; header_4_font_size_tablet=&#8221;18px&#8221; header_4_font_size_phone=&#8221;15px&#8221; header_4_font_size_last_edited=&#8221;on|tablet&#8221; header_5_font_size_tablet=&#8221;15px&#8221; header_5_font_size_phone=&#8221;14px&#8221; header_5_font_size_last_edited=&#8221;on|desktop&#8221; header_6_font_size_tablet=&#8221;13px&#8221; header_6_font_size_phone=&#8221;13px&#8221; header_6_font_size_last_edited=&#8221;on|desktop&#8221; global_colors_info=&#8221;{}&#8221;]<\/p>\n<p>Su carta intestata della Croce Rossa \u00abUfficio dell\u2019Ispettorato Medico presso la III Armata\u00bb il 28 gennaio 1916, a pochi giorni dall\u2019emanazione del decreto n. 38, Tusini scrive:<\/p>\n<blockquote class=\"blockquote\">\n<p><em>Ill.mo Sig. Colonnello Direttore di Sanit\u00e0 al Comando Supremo [Lorenzo Bonomo],<\/em><\/p>\n<p><em>Mi faccio premura di rimettere alla S.V. Ill.ma l\u2019elenco degli insegnamenti che propongo per i Corsi di Medicina e chirurgia in San Giorgio di Nogaro. A me pare che tutti corrispondano alle varie esigenze che si richiedono per le finalit\u00e0 della Scuola. Se il giudizio anche della S.V. Ill.ma concorda col mio, La prego di inviarli e segnalarli d\u2019urgenza per l\u2019approvazione e la nomina alle L.L. E.E. i Ministri della P.I. e della Guerra<\/em>.<sup class=\"modal-trigger\" data-modal=\"#_ftn5\">5<\/sup><\/p>\n<\/blockquote>\n<p>Un semplice, pur se autorevole docente ordinario di Clinica chirurgica dell\u2019universit\u00e0 di Modena si assume il compito di definire, quasi per intero l\u2019organigramma di un corso universitario di Medicina e chirurgia (sia pure<span>\u00a0<\/span><em>castrense<\/em>): l\u2019irritualit\u00e0 del gesto rende immediatamente ragione dello sciame di critiche e di ostracismi che seguir\u00e0 come un\u2019ombra soprattutto il primo anno di vita della scuola.<\/p>\n<p>Risulta comunque sorprendente cogliere \u2013 dalla distanza storica \u2013 il tempismo con il quale Giuseppe Tusini riusc\u00ec a concepire in modo apparentemente compiuto fin dagli inizi, il disegno, i contenuti e persino l\u2019organigramma dei corsi accelerati di medicina e chirurgia nel contesto di una guerra il cui impatto aveva, al contrario,<span>\u00a0<\/span><em>spiazzato<span>\u00a0<\/span><\/em>e scompaginato i piani e gli schemi mentali precostituiti anche ad alti livelli strategico-militari.<\/p>\n<p>A Tusini bastarono pochi mesi di osservazione degli effetti delle prime battaglie dell\u2019Isonzo, per intuire le dirompenti implicazioni di quel conflitto sul piano sanitario. Che egli avesse scrupolosamente osservato, per poi poter approntare adeguati provvedimenti si evince analizzando con attenzione gli elenchi (con i ripensamenti e le successive cancellazioni apportate dai Ministeri) dei docenti da lui proposti per le diverse discipline.<sup class=\"modal-trigger\" data-modal=\"#_ftn6\">6<\/sup><span>\u00a0<\/span>Si trattava, nella quasi generalit\u00e0, di profili fortemente connotati non solo sul piano dei<span>\u00a0<\/span><em>curricula<span>\u00a0<\/span><\/em>universitari, ma anche su quello dell\u2019impegno nella ricerca medico-sperimentale applicata ai diversi campi specialistici in ospedali diventati cliniche, reparti in cui sarebbe stato possibile istituire un insegnamento \u00abal letto del malato\u00bb. Fu quindi positivamente valutata la propensione verso pratiche terapeutiche innovative;<span>\u00a0<\/span><em>cifra<\/em><span>\u00a0<\/span>che si riveler\u00e0 fondamentale per poter operare in quella sorta di<span>\u00a0<\/span><em>laboratorio biologico<\/em><span>\u00a0<\/span>allestito nel contesto di una guerra che incessantemente necessitava di \u201cnuovi materiali\u201d tecnologici e \u201cumani\u201d e che, incessantemente, ne forniva.<\/p>\n<p>Tra le carte di Tusini si sono rinvenuti alcuni<span>\u00a0<\/span><em>brogliacci<span>\u00a0<\/span><\/em>dai quali traspare in controluce la faticosa mediazione tra le molte pressioni (pi\u00f9 o meno<span>\u00a0<\/span><em>scoperte<\/em>) ai diversi livelli del potere politico-militare, ma anche fra le pressanti e qualificate auto-candidature personali in vista di possibili cattedre d\u2019insegnamento alla<span>\u00a0<\/span><em>castrense<\/em>. Pur nel montare delle polemiche, era di tutta evidenza come la Scuola di Tusini potesse rappresentare un inedito e appassionante campo di esperienza didattica e scientifica e anche di<span>\u00a0<\/span><em>curriculum<span>\u00a0<\/span><\/em>e per future<span>\u00a0<\/span><em>carriere<\/em>, soprattutto per molti \u00abliberi docenti\u00bb, la cui pratica d\u2019insegnamento era gi\u00e0 molto innovativa e talvolta quasi<span>\u00a0<\/span><em>concorrenziale<span>\u00a0<\/span><\/em>rispetto agli insegnamenti consolidati.<sup class=\"modal-trigger\" data-modal=\"#_ftn7\">7<\/sup><\/p>\n<p>[\/et_pb_text][\/et_pb_column][\/et_pb_row][et_pb_row column_structure=&#8221;1_2,1_2&#8243; module_id=&#8221;ministro&#8221; _builder_version=&#8221;4.27.4&#8243; _module_preset=&#8221;default&#8221; global_colors_info=&#8221;{}&#8221;][et_pb_column type=&#8221;1_2&#8243; _builder_version=&#8221;4.25.1&#8243; _module_preset=&#8221;default&#8221; global_colors_info=&#8221;{}&#8221;][et_pb_heading title=&#8221;4 &#8211; La guerra: un laboratorio biologico per una didattica sperimentale&#8221; module_id=&#8221;lab&#8221; _builder_version=&#8221;4.27.4&#8243; _module_preset=&#8221;c33f07d9-41e0-421a-8799-5799df695cce&#8221; title_level=&#8221;h2&#8243; title_font=&#8221;Cormorant Garamond|Cormorant Garamond_weight|||||||&#8221; title_text_color=&#8221;#0e0c19&#8243; title_font_size=&#8221;50px&#8221; title_line_height=&#8221;1.2em&#8221; custom_margin=&#8221;||10px||false|false&#8221; title_font_size_tablet=&#8221;28px&#8221; title_font_size_phone=&#8221;20px&#8221; title_font_size_last_edited=&#8221;on|phone&#8221; global_colors_info=&#8221;{}&#8221;][\/et_pb_heading][\/et_pb_column][et_pb_column type=&#8221;1_2&#8243; _builder_version=&#8221;4.25.1&#8243; _module_preset=&#8221;default&#8221; global_colors_info=&#8221;{}&#8221;][et_pb_text quote_border_color=&#8221;#bf3900&#8243; _builder_version=&#8221;4.27.4&#8243; _module_preset=&#8221;2c55a9c4-feed-423b-9edb-ae0b5b365cac&#8221; text_font=&#8221;Proza Libre|Proza Libre_weight|||||||&#8221; text_text_color=&#8221;#3c3a47&#8243; text_font_size=&#8221;16px&#8221; text_line_height=&#8221;1.75em&#8221; link_font=&#8221;|Proza Libre_weight|||||||&#8221; link_text_color=&#8221;#03045e&#8221; quote_font=&#8221;Cormorant Garamond|Cormorant Garamond_weight|||||||&#8221; quote_text_color=&#8221;#0e0c19&#8243; header_font=&#8221;Cormorant Garamond|Cormorant Garamond_weight|||||||&#8221; header_text_color=&#8221;#0e0c19&#8243; header_font_size=&#8221;72px&#8221; header_line_height=&#8221;1.15em&#8221; header_2_font=&#8221;Cormorant Garamond|Cormorant Garamond_weight|||||||&#8221; header_2_text_color=&#8221;#0e0c19&#8243; header_2_font_size=&#8221;50px&#8221; header_2_line_height=&#8221;1.2em&#8221; header_3_font=&#8221;Cormorant Garamond|Cormorant Garamond_weight|||||||&#8221; header_3_text_color=&#8221;#0e0c19&#8243; header_3_font_size=&#8221;32px&#8221; header_3_line_height=&#8221;1.3em&#8221; header_4_font=&#8221;Cormorant Garamond|Cormorant Garamond_weight|||||||&#8221; header_4_text_color=&#8221;#0e0c19&#8243; header_4_font_size=&#8221;24px&#8221; header_4_line_height=&#8221;1.4em&#8221; header_5_font=&#8221;Cormorant Garamond|Cormorant Garamond_weight|||||||&#8221; header_5_text_color=&#8221;#0e0c19&#8243; header_5_font_size=&#8221;18px&#8221; header_5_line_height=&#8221;1.4em&#8221; header_6_font=&#8221;Cormorant Garamond|Cormorant Garamond_weight|||||||&#8221; header_6_text_color=&#8221;#0e0c19&#8243; header_6_line_height=&#8221;1.5em&#8221; custom_margin=&#8221;||||false|false&#8221; text_font_size_tablet=&#8221;15px&#8221; text_font_size_phone=&#8221;14px&#8221; text_font_size_last_edited=&#8221;on|phone&#8221; header_font_size_tablet=&#8221;40px&#8221; header_font_size_phone=&#8221;24px&#8221; header_font_size_last_edited=&#8221;on|desktop&#8221; header_2_font_size_tablet=&#8221;28px&#8221; header_2_font_size_phone=&#8221;20px&#8221; header_2_font_size_last_edited=&#8221;on|phone&#8221; header_3_font_size_tablet=&#8221;22px&#8221; header_3_font_size_phone=&#8221;17px&#8221; header_3_font_size_last_edited=&#8221;on|phone&#8221; header_4_font_size_tablet=&#8221;18px&#8221; header_4_font_size_phone=&#8221;15px&#8221; header_4_font_size_last_edited=&#8221;on|tablet&#8221; header_5_font_size_tablet=&#8221;15px&#8221; header_5_font_size_phone=&#8221;14px&#8221; header_5_font_size_last_edited=&#8221;on|desktop&#8221; header_6_font_size_tablet=&#8221;13px&#8221; header_6_font_size_phone=&#8221;13px&#8221; header_6_font_size_last_edited=&#8221;on|desktop&#8221; global_colors_info=&#8221;{}&#8221;]<\/p>\n<section class=\"capsule padded site-section scrollspy_anchor\" id=\"s4\">\n<p>Se la guerra si dimostr\u00f2 un drammatico laboratorio<span>\u00a0<\/span><em>vivente<span>\u00a0<\/span><\/em>della medicina, che ha utilizzato i suoi tragici risvolti sanitari per testare l\u2019efficacia di molte pratiche terapeutiche sperimentali e innovative, allo stesso modo le cliniche universitarie di San Giorgio di Nogaro offrirono straordinarie occasioni di studio su inediti scenari di estrema complessit\u00e0, come pot\u00e9 testimoniare, ad esempio lo psichiatra Arturo Morselli: \u00ab<em>In genere i quadri da me veduti non corrispondono che in minima parte a quelli descritti dai trattatisti e conosciuti dagli alienisti di manicomio: si tratta di una Neuro-psicopatologia affatto particolare<\/em>\u00bb.<sup class=\"modal-trigger\" data-modal=\"#_ftn8\">8<\/sup><\/p>\n<p>Rispetto alla<span>\u00a0<\/span><a href=\"https:\/\/web.archive.org\/web\/20201230202753\/https:\/\/www.universitacastrense.eu\/wp-content\/uploads\/2017\/11\/Ufficiali-medici-proposti.pdf\" target=\"_blank\" rel=\"noopener\">prima ipotesi di organigramma\u00a0 di Tusini<\/a><span>\u00a0<\/span>l\u2019elenco definitivo registr\u00f2 il venir meno di alcuni nomi (Acconci, Canata, De Carli, Engel, Mey, Santamaria), mentre altri nominativi compaiono e scompaiono: in particolare il nome del libero docente Cesare Decio, in forza al 28\u00b0 artiglieri della II Armata, sar\u00e0 sostituito a Ostetricia dal capitano medico Michelangelo Savar\u00e8 in servizio all\u2019ospedale di riserva di Cividale; allo stesso modo Antonio Nieddu insegnante alla Scuola militare di Firenze, ceder\u00e0 la cattedra di Medicina legale al maggiore medico Francesco Leoncini, che era stato suggerito da Lorenzo Borri, precursore della disciplina alla scuola di Firenze e direttore dell\u2019ospedale militare di Prato, sul quale era caduta in prima battuta l\u2019opzione di Tusini.<\/p>\n<p>Borri da parte sua aveva declinato l\u2019offerta in una lettera del 29 gennaio 1916 indirizzata allo stesso Tusini, rivelatrice di un clima e dei complessi intrecci personali e professionali che determinarono le scelte del corpo docente dell\u2019<em>anomala<span>\u00a0<\/span><\/em>facolt\u00e0 universitaria:<\/p>\n<blockquote class=\"blockquote\">\n<p><em>Carissimo Amico, sono veramente grato a te ed al comune amico Prof. Ottorino Rossi del cortese interessamento che mi dimostrate e vi dico subito che, se io, presentemente, avessi funzioni pure e semplici di insegnante universitario, non porrei tempo in mezzo e risponderei con una esplicita accettazione all\u2019invito lusinghiero che mi fate. Nella quale determinazione io sarei anche indotto dalla prospettiva simpatica di un sodalizio di qualche mese con tanti buoni e cari amici.<\/em><\/p>\n<p><em>Ma, gli \u00e8 che io disimpegno qui [alla succursale di Prato dell\u2019Ospedale militare di Riserva di Firenze] una funzione, se non di prima importanza e segnalabile, tuttavia nella sua oscurit\u00e0 oso dire utile, e per me fonte di legittima soddisfazione [\u2026].<\/em><\/p>\n<p><em>A parte che, a venire a ciarlare di medicina legale con l\u2019eco lontana delle cannonate, mi sembrerebbe di irronizzare [sic] all\u2019eccesso, non saprei adattarmi ormai, in questi momenti in cui il nostro cimento reclama il buon volere e la intenta operosit\u00e0 di tutti i cittadini, a limitare la mia sfera d\u2019azione ad un puro e semplice magistero, che mi terrebbe pochissimo occupato, e, per di pi\u00f9, in un ramo di disciplina della quale \u00e8 scarsissima e di terz\u2019ordine la importanza teorica e pratica nel momento presente.<\/em><\/p>\n<p><em>Ecco perch\u00e9 non posso, come vorrei, tenere il tuo invito: non ho voluto declinarlo come mi chiedevi per telegramma, perch\u00e9 amavo chiarirti le ragioni della mia determinazione; e d\u2019altronde, per chiaritivo ed esplicito che io fossi stato, avrei corso facilmente il rischio, data la secchezza inesorabile dello stile, di apparire scortese con te che mi sei mostrato cos\u00ec apprezzato e sincero amico[\u2026].<\/em><sup class=\"modal-trigger\" data-modal=\"#_ftn9\">9<\/sup><\/p>\n<\/blockquote>\n<p>Un certo interesse pu\u00f2 assumere anche la parabola della cattedra di Radiologia ed Elettroterapia \u2013 e del docente proposto per essa, Vittorio Maragliano<sup class=\"modal-trigger\" data-modal=\"#_ftn10\">10<\/sup><span>\u00a0<\/span>\u2013 di cui Tusini aveva con tutta probabilit\u00e0 intuito la valenza anche in funzione delle urgenze diagnostiche del conflitto: l\u2019insegnamento continu\u00f2 a essere presente nei successivi elenchi, per poi scomparire inopinatamente nel passaggio tra il Ministero della Guerra e quello dell\u2019Istruzione. Fu lo stesso Vittorio Maragliano a sollecitare pi\u00f9 volte Tusini affinch\u00e9 gli fosse ritagliato un ruolo nella formazione universitaria sangiorgina. Scriver\u00e0 il 28 dicembre 1915 da Genova:<\/p>\n<blockquote class=\"blockquote\">\n<p><em>Egregio Professore, seppi da mio Padre, sen. Edoardo Maragliano, che Ella preconizza l\u2019istituzione d\u2019una Universit\u00e0 Castrense [sic], alla quale non mancher\u00e0 certo un ottimo successo. Ora io non so se nel programma dei corsi di questa Universit\u00e0, Ella abbia pensato di dare un posto, anche complementare, alla Radiologia. Ella nella sua diuturna pratica di chirurgo militare si sar\u00e0 troppo convinto della immensa utilit\u00e0 presentata dai servizi Radiologici, per poter mettere in disparte questa specialit\u00e0 nell\u2019insegnamento dell\u2019Universit\u00e0 Castrense. \u00c8 nella mia fiducia che Ella non si vorr\u00e0 privare di questo ausilio, per cui mi permetto di proporle quanto segue. Vi sono in Italia tre professori straordinari di Radiologia, Ghilardini a Roma, Sgozzo [?] a Napoli, io a Genova, usciti tutti dallo stesso concorso. Di questi io sono il pi\u00f9 giovane. Credo semplicemente mio dovere offrire la mia modesta opera, qualora fosse richiesto, per l\u2019Universit\u00e0 Castrense.<\/em><sup class=\"modal-trigger\" data-modal=\"#_ftn11\">11<\/sup><\/p>\n<\/blockquote>\n<p>Vittorio \u00e8 figlio di Edoardo Maragliano, il senatore che in sede di dibattito parlamentare aveva argomentato con molta efficacia un iniziale atteggiamento di critica nei riguardi dell\u2019esperimento dei corsi accelerati.<\/p>\n<p>Il 27 gennaio 1915 il prof. Ottolenghi dell\u2019universit\u00e0 di Roma cerc\u00f2 di perorare presso Tusini la causa del maggiore medico Gaetano Funaioli \u00abnella consapevolezza dell\u2019importanza che ha assunto per il servizio militare l\u2019Antropologia Criminale, sia per la prevenzione sia per la repressione dei reati militari in tempo di pace e tanto pi\u00f9 in tempo di guerra per la discriminazione dei militari simulatori\u00bb.<sup class=\"modal-trigger\" data-modal=\"#_ftn12\">12<\/sup><span>\u00a0<\/span>Funaioli, psichiatra militare (\u00abuno dei primi analisti con le stellette\u00bb, di rigida impostazione lombrosiana), fu tra gli assertori pi\u00f9 decisi della necessit\u00e0 di istituire anche in Italia un servizio psichiatrico militare analogo a quello adottato precocemente da molti Stati europei. L\u2019Italia, infatti, affront\u00f2 la prima fase del conflitto del tutto sguarnita sul piano dell\u2019assistenza neurologica e psichiatrica delle quali c\u2019era comunque scarsa consapevolezza a tutti i livelli.<\/p>\n<p>La pretesa consapevolezza psichiatrica circa le novit\u00e0 patologiche della guerra era cos\u00ec poco diffusa che nei curricoli dei corsi accelerati per i laureandi delle Facolt\u00e0 di Medicina le ore dedicate allo studio della Clinica delle malattie mentali verranno dimezzate dal Ministero della Pubblica Istruzione \u2013 previo parere positivo del Consiglio Superiore \u2013 e portate al livello dello spazio concesso a materie quali ostetricia e clinica pediatrica.<sup class=\"modal-trigger\" data-modal=\"#_ftn13\">13<\/sup><\/p>\n<p>Nelle aule di San Giorgio non trover\u00e0 posto Antropologia Criminale bens\u00ec Clinica delle malattie mentali; disciplina che riveler\u00e0, oltre ad una generale impotenza a superare l\u2019assunto della \u00abpredisposizione originaria\u00bb, deterministica e organicista di origine<span>\u00a0<\/span><em>lombrosiana,<span>\u00a0<\/span><\/em>la sua drammatica attualit\u00e0 nell\u2019affrontare le patologie dei militari vittime della \u00abstrana malattia\u00bb<sup class=\"modal-trigger\" data-modal=\"#_ftn14\">14<\/sup>, ovvero il \u00abmal di trincea\u00bb, l\u2019alienazione mentale degli \u00abscemi di guerra\u00bb.<\/p>\n<\/section>\n<section class=\"capsule padded site-section scrollspy_anchor\" id=\"s5\"><\/section>\n<p>[\/et_pb_text][\/et_pb_column][\/et_pb_row][et_pb_row column_structure=&#8221;1_2,1_2&#8243; module_id=&#8221;ministro&#8221; _builder_version=&#8221;4.27.4&#8243; _module_preset=&#8221;default&#8221; global_colors_info=&#8221;{}&#8221;][et_pb_column type=&#8221;1_2&#8243; _builder_version=&#8221;4.25.1&#8243; _module_preset=&#8221;default&#8221; global_colors_info=&#8221;{}&#8221;][et_pb_heading title=&#8221;5 &#8211; L\u02bcordinamento didattico del primo anno dei Corsi&#8221; module_id=&#8221;primoanno&#8221; _builder_version=&#8221;4.27.4&#8243; _module_preset=&#8221;c33f07d9-41e0-421a-8799-5799df695cce&#8221; title_level=&#8221;h2&#8243; title_font=&#8221;Cormorant Garamond|Cormorant Garamond_weight|||||||&#8221; title_text_color=&#8221;#0e0c19&#8243; title_font_size=&#8221;50px&#8221; title_line_height=&#8221;1.2em&#8221; custom_margin=&#8221;||10px||false|false&#8221; title_font_size_tablet=&#8221;28px&#8221; title_font_size_phone=&#8221;20px&#8221; title_font_size_last_edited=&#8221;on|phone&#8221; global_colors_info=&#8221;{}&#8221;][\/et_pb_heading][\/et_pb_column][et_pb_column type=&#8221;1_2&#8243; _builder_version=&#8221;4.25.1&#8243; _module_preset=&#8221;default&#8221; global_colors_info=&#8221;{}&#8221;][et_pb_text quote_border_color=&#8221;#bf3900&#8243; _builder_version=&#8221;4.27.4&#8243; _module_preset=&#8221;2c55a9c4-feed-423b-9edb-ae0b5b365cac&#8221; text_font=&#8221;Proza Libre|Proza Libre_weight|||||||&#8221; text_text_color=&#8221;#3c3a47&#8243; text_font_size=&#8221;16px&#8221; text_line_height=&#8221;1.75em&#8221; link_font=&#8221;|Proza Libre_weight|||||||&#8221; link_text_color=&#8221;#03045e&#8221; quote_font=&#8221;Cormorant Garamond|Cormorant Garamond_weight|||||||&#8221; quote_text_color=&#8221;#0e0c19&#8243; header_font=&#8221;Cormorant Garamond|Cormorant Garamond_weight|||||||&#8221; header_text_color=&#8221;#0e0c19&#8243; header_font_size=&#8221;72px&#8221; header_line_height=&#8221;1.15em&#8221; header_2_font=&#8221;Cormorant Garamond|Cormorant Garamond_weight|||||||&#8221; header_2_text_color=&#8221;#0e0c19&#8243; header_2_font_size=&#8221;50px&#8221; header_2_line_height=&#8221;1.2em&#8221; header_3_font=&#8221;Cormorant Garamond|Cormorant Garamond_weight|||||||&#8221; header_3_text_color=&#8221;#0e0c19&#8243; header_3_font_size=&#8221;32px&#8221; header_3_line_height=&#8221;1.3em&#8221; header_4_font=&#8221;Cormorant Garamond|Cormorant Garamond_weight|||||||&#8221; header_4_text_color=&#8221;#0e0c19&#8243; header_4_font_size=&#8221;24px&#8221; header_4_line_height=&#8221;1.4em&#8221; header_5_font=&#8221;Cormorant Garamond|Cormorant Garamond_weight|||||||&#8221; header_5_text_color=&#8221;#0e0c19&#8243; header_5_font_size=&#8221;18px&#8221; header_5_line_height=&#8221;1.4em&#8221; header_6_font=&#8221;Cormorant Garamond|Cormorant Garamond_weight|||||||&#8221; header_6_text_color=&#8221;#0e0c19&#8243; header_6_line_height=&#8221;1.5em&#8221; custom_margin=&#8221;||||false|false&#8221; text_font_size_tablet=&#8221;15px&#8221; text_font_size_phone=&#8221;14px&#8221; text_font_size_last_edited=&#8221;on|phone&#8221; header_font_size_tablet=&#8221;40px&#8221; header_font_size_phone=&#8221;24px&#8221; header_font_size_last_edited=&#8221;on|desktop&#8221; header_2_font_size_tablet=&#8221;28px&#8221; header_2_font_size_phone=&#8221;20px&#8221; header_2_font_size_last_edited=&#8221;on|phone&#8221; header_3_font_size_tablet=&#8221;22px&#8221; header_3_font_size_phone=&#8221;17px&#8221; header_3_font_size_last_edited=&#8221;on|phone&#8221; header_4_font_size_tablet=&#8221;18px&#8221; header_4_font_size_phone=&#8221;15px&#8221; header_4_font_size_last_edited=&#8221;on|tablet&#8221; header_5_font_size_tablet=&#8221;15px&#8221; header_5_font_size_phone=&#8221;14px&#8221; header_5_font_size_last_edited=&#8221;on|desktop&#8221; header_6_font_size_tablet=&#8221;13px&#8221; header_6_font_size_phone=&#8221;13px&#8221; header_6_font_size_last_edited=&#8221;on|desktop&#8221; global_colors_info=&#8221;{}&#8221;]<\/p>\n<section class=\"capsule padded site-section scrollspy_anchor\" id=\"s4\">\n<section class=\"t-measure block-center\">\n<section class=\"capsule padded site-section scrollspy_anchor\" id=\"s5\">\n<p>La Scuola nasce potendo contare sulla generalizzata disponibilit\u00e0 di docenti provenienti dai vari Atenei italiani, la maggior parte dei quali avevano temporaneamente lasciato l\u2019insegnamento ed erano stati arruolati con il grado di ufficiali medici. I decreti formali di nomina furono assunti dal Ministero della Pubblica Istruzione di concerto con quello della Guerra su proposta del Comando Supremo dell\u2019Esercito, ma l\u2019elenco degli insegnanti (tranne pochi aggiustamenti lungo l\u2019<em>iter<\/em>) rest\u00f2 nella sostanza quello originariamente stilato dallo stesso Giuseppe Tusini.<\/p>\n<p>Esprime bene l\u2019atmosfera e il clima ideale del coinvolgimento in quella scuola particolare<a href=\"https:\/\/web.archive.org\/web\/20201230202753\/https:\/\/www.universitacastrense.eu\/wp-content\/uploads\/2017\/11\/Lettera-Maurizio-Ascoli.pdf\" target=\"_blank\" rel=\"noopener\"><span>\u00a0<\/span>il biglietto, senza data, che il prof. Maurizio Ascoli invi\u00f2 a Tusini<\/a>:<\/p>\n<blockquote class=\"blockquote\">\n<p><em>Caro Tusini, l\u2019amico Dionisi mi ha confermato in tuo nome l\u2019incarico affidatomi nella Universit\u00e0 da Campo ed io ti ringrazio di tutto cuore di aver pensato a me. Parto subito per provvedermi del necessario, cio\u00e8 di libri, e forse dovr\u00f2 arrivare fino a Catania, in modo di essere pronto per la fine del mese. Per quanto riguarda locali, laboratorio ecc. io non ho bisogni speciali, e mi affido a te ed a Dionisi, due ottimi giudici in materia. Un\u2019affettuosa stretta, evviva l\u2019Italia<\/em>.<sup class=\"modal-trigger\" data-modal=\"#_ftn15\">15<\/sup><\/p>\n<\/blockquote>\n<p>&nbsp;<\/p>\n<p>Di seguito l\u2019articolazione dei percorsi didattici (con i titolari dei vari insegnamenti) attivati nelle due successive tornate dei corsi da campo di medicina e chirurgia (14 febbraio-24 maggio 1916; 16 novembre 1916-30 marzo 1917) nella sede di San Giorgio di Nogaro:<sup class=\"modal-trigger\" data-modal=\"#_ftn16\">16<\/sup><\/p>\n<p>&nbsp;<\/p>\n<p><strong><em>Clinica chirurgica generale e Medicina operatoria<\/em><\/strong><\/p>\n<p><strong>Giuseppe Tusini<\/strong><span>\u00a0<\/span>tenente colonnello medico C.R.I., prof. ordinario delle stesse discipline Universit\u00e0 di Modena (titolare dell\u2019insegnamento e direttore dei corsi);<\/p>\n<p><strong>Pietro Marogna<\/strong><span>\u00a0<\/span>capitano medico C.R.I., aiuto nelle stesse discipline \u2013 Universit\u00e0 di Modena (aiuto e docente di Medicina operatoria);<\/p>\n<p><strong>Fedele Fedeli<\/strong><span>\u00a0<\/span>tenente medico C.R.I., assistente nelle stesse discipline \u2013 Universit\u00e0 di Modena assistente);<\/p>\n<p>&nbsp;<\/p>\n<p><strong><em>Traumatologia di guerra (complementare a Clinica chirurgica \u2013 solo I anno)<\/em><\/strong><\/p>\n<p><strong>Lorenzo Bonomo<\/strong><span>\u00a0<\/span>maggiore generale medico di Sanit\u00e0 militare, libero docente di Patologia speciale chirurgica \u2013 Universit\u00e0 di Roma (docente);<\/p>\n<p><strong>Angelo Garau<\/strong><span>\u00a0<\/span>capitano medico S.M., assistente di Patologia speciale chirurgica Universit\u00e0 di Cagliari (assistente).<\/p>\n<p>&nbsp;<\/p>\n<p><strong><em>Protesi e chirurgia degli arti (complementare a Clinica chirurgica \u2013 solo I anno)<\/em><\/strong><\/p>\n<p><strong>Bartolo Nigrisoli<\/strong><span>\u00a0<\/span>tenente colonnello medico C.R.I., libero docente di Clinica chirurgica generale Universit\u00e0 di Bologna (docente);<\/p>\n<p><strong>Francesco Pantoli<\/strong><span>\u00a0<\/span>tenente medico C.R.I. (assistente).<\/p>\n<p>&nbsp;<\/p>\n<p><strong><em>Clinica medica generale<\/em><\/strong><\/p>\n<p><strong>Maurizio Ascoli<\/strong><span>\u00a0<\/span>capitano medico S.M., prof. ordinario di Patologia speciale medica Universit\u00e0 di Catania (docente);<\/p>\n<p><strong>Valentino Facchini<\/strong><span>\u00a0<\/span>tenente medico S.M., assistente di Clinica medica generale \u2013 Universit\u00e0 di Bologna (assistente);<\/p>\n<p><strong>Francesco Schiassi<\/strong><span>\u00a0<\/span>tenente medico S.M., assistente Ospedale Maggiore di Bologna (assistente);<\/p>\n<p><strong>Mario Prezzolini<\/strong><span>\u00a0<\/span>tenente medico S.M., assistente Ospedale Maggiore di Bologna (assistente II anno).<\/p>\n<p>&nbsp;<\/p>\n<p><strong><em>Clinica delle malattie nervose e mentali<\/em><\/strong><\/p>\n<p><strong>Ottorino Rossi<\/strong><span>\u00a0<\/span>maggiore medico S.M., prof. straordinario di Clinica delle malattie nervose e mentali Universit\u00e0 di Sassari (docente);<\/p>\n<p><strong>Angelo Alberti<\/strong><span>\u00a0<\/span>maggiore medico S.M., direttore Manicomio di Pesaro (aiuto e titolare lezioni di Semeiotica delle malattie nervose con prof. Rossi);<\/p>\n<p><strong>Ugo Lombardi<\/strong><span>\u00a0<\/span>tenente medico C.R.I. (assistente);<\/p>\n<p>&nbsp;<\/p>\n<p><strong><em>Clinica dermosifilopatica<\/em><\/strong><\/p>\n<p><strong>Ferdinando De Napoli<\/strong><span>\u00a0<\/span>maggiore medico S.M., libero docente di Clinica dermosifilopatica Universit\u00e0 di Bologna (docente);<\/p>\n<p><strong>Gaetano Bompiani<\/strong><span>\u00a0<\/span>tenente medico C.R.I. (assistente);<\/p>\n<p>&nbsp;<\/p>\n<p><strong><em>Clinica oculistica<\/em><\/strong><\/p>\n<p><strong>Gaetano Samperi<\/strong><span>\u00a0<\/span>maggiore medico S.M., libero docente di Clinica oftalmica Universit\u00e0 di Torino (docente);<\/p>\n<p><strong>Giacinto Pastonesi<\/strong><span>\u00a0<\/span>tenente medico S.M. (assistente).<\/p>\n<p>&nbsp;<\/p>\n<p><strong><em>Clinica pediatrica<\/em><\/strong><\/p>\n<p><strong>Guido Berghinz<\/strong><span>\u00a0<\/span>maggiore medico S.M., libero docente di Clinica pediatrica \u2013 Universit\u00e0 di Roma (docente);<\/p>\n<p><strong>Luigi Giordani<\/strong><span>\u00a0<\/span>tenente medico C.R.I., gi\u00e0 aiuto di Clinica pediatrica \u2013 Universit\u00e0 di Roma (assistente);<\/p>\n<p><strong>Vittore Zamorani<\/strong><span>\u00a0<\/span>tenente medico S.M., assistente di Clinica pediatrica \u2013 Universit\u00e0 di Genova (assistente);<\/p>\n<p>&nbsp;<\/p>\n<p><strong><em>Clinica ostetrica e ginecologica<\/em><\/strong><\/p>\n<p><strong>Michelangelo Savar\u00e8<\/strong><span>\u00a0<\/span>capitano medico S.M., libero docente di Clinica ostetrica e ginecologica Ist. Studi Superiori Pratici e di Perfezionamento di Firenze (docente);<\/p>\n<p><strong>Matteo Fago<\/strong><span>\u00a0<\/span>tenente medico C.R.I., (assistente);<\/p>\n<p>&nbsp;<\/p>\n<p><strong><em>Anatomia patologica<\/em><\/strong><\/p>\n<p><strong>Antonio Dionisi<\/strong><span>\u00a0<\/span>maggiore medico R.M., prof. ordinario di Anatomia patologica \u2013 Universit\u00e0 di Palermo (docente);<\/p>\n<p><strong>Giuseppe Gherardo Forni<\/strong><span>\u00a0<\/span>tenente medico S.M., assistente di Anatomia patologica \u2013 Universit\u00e0 di Bologna (assistente).<\/p>\n<p>&nbsp;<\/p>\n<p><strong><em>Igiene<\/em><\/strong><\/p>\n<p><strong>Giovanni Grixoni<\/strong><span>\u00a0<\/span>maggiore medico S.M., libero docente di Igiene \u2013 Universit\u00e0 di Siena (docente);<\/p>\n<p><strong>Ruggero Vaglio<span>\u00a0<\/span><\/strong>tenente medico S.M., assistente di Clinica pediatrica \u2013 Universit\u00e0 di Napoli assistente).<\/p>\n<p>&nbsp;<\/p>\n<p><strong><em>Profilassi ed epidemiologia<\/em><\/strong><\/p>\n<p><strong>Alessandro Lustig<\/strong><span>\u00a0<\/span>tenente colonnello medico S.M., prof. ordinario di Patologia generale Ist. Studi Superiori Pratici e di Perfezionamento di Firenze (docente);<\/p>\n<p><strong>Alessandro Rizzi<span>\u00a0<\/span><\/strong>capitano medico C.R.I., libero docente di Igiene \u2013 Universit\u00e0 di Pavia (aiuto e quindi sostituto di Lustig nella cattedra di San Giorgio).<\/p>\n<p>&nbsp;<\/p>\n<p><strong><em>Medicina legale<\/em><\/strong><\/p>\n<p><strong>Francesco Leoncini<\/strong><span>\u00a0<\/span>maggiore medico S.M., libero docente di Medicina legale \u2013 Ist. Studi Superiori Pratici e di Perfezionamento di Firenze (docente);<\/p>\n<p>&nbsp;<\/p>\n<p><strong><em>Otorinolaringoiatria<\/em><\/strong><\/p>\n<p><strong>Deodato De Carli<\/strong><span>\u00a0<\/span>maggiore medico C.R.I., libero docente di Otorinolaringoiatria \u2013 Universit\u00e0 di Roma (docente);<\/p>\n<p><strong>Federico Brunetti<\/strong><span>\u00a0<\/span>maggiore medico C.R.I., libero docente di Otorinolaringoiatria \u2013 Universit\u00e0 di Roma (aiuto);<\/p>\n<p>&nbsp;<\/p>\n<p><strong><em>Stomatoiatria<\/em><\/strong><\/p>\n<p><strong>Amedeo Perna<\/strong><span>\u00a0<\/span>maggiore medico S.M., libero docente di Stomatoiatria \u2013 Universit\u00e0 di Roma (docente);<\/p>\n<p><strong>Corrado D\u2019Alise<span>\u00a0<\/span><\/strong>capitano medico S.M., libero docente di Stomatoiatria \u2013 Universit\u00e0 di Napoli (assistente);<\/p>\n<p><strong>Luigi Benedini<\/strong><span>\u00a0<\/span>capitano medico S.M., incaricato insegnamento di Protesi dentaria Istituto Stomatologico Italiano (assistente).<\/p>\n<p>&nbsp;<\/p>\n<p><em><strong>Insegnamenti attivati con incarico interno per la preparazione degli studenti con esami arretrati<\/strong><\/em>:<\/p>\n<p><strong>Anatomia umana normale e topografica<\/strong>:<span>\u00a0<\/span><strong>Giunio Salvi<\/strong><span>\u00a0<\/span>maggiore medico CRI, ordinario di anatomia umana \u2013 Universit\u00e0 di Parma (docente);<\/p>\n<p><strong>Fisiologia<\/strong>:<span>\u00a0<\/span><strong>Giuseppe Amantea<span>\u00a0<\/span><\/strong>capitano medico S.M., libero docente di fisiologia \u2013 Universit\u00e0 di Roma (docente);<\/p>\n<p><strong>Patologia speciale chirurgica<\/strong>:<span>\u00a0<\/span><strong>Leonardo Dominici<span>\u00a0<\/span><\/strong>capitano medico S.M., libero docente di patologia speciale chirurgica \u2013 Universit\u00e0 di Roma (docente);<\/p>\n<p><strong>Patologia speciale medica: Francesco Feliziani<span>\u00a0<\/span><\/strong>capitano medico CRI, libero docente di patologia speciale medica \u00a0\u2013 Universit\u00e0 di Roma (docente).<\/p>\n<p><strong><em>Logistica sanitaria (non costituiva materia d\u2019esame, era tuttavia fondamentale per una Scuola medica da campo):<span>\u00a0<\/span><\/em><\/strong><strong>Vito Puglioli<span>\u00a0<\/span><\/strong>colonnello di stato maggiore (docente).<\/p>\n<p>&nbsp;<\/p>\n<p>Il Corpo docente titolare dei 20 insegnamenti previsti dall\u2019ordinamento didattico della Scuola, era costituito (per il I anno) da 6 professori ordinari e 14 liberi docenti di 14 Universit\u00e0 del Regno, i quali si trovavano in servizio nelle varie strutture sanitarie della III Armata, disseminate nel territorio; furono affiancati da 19 Aiuti e Assistenti ospedalieri e liberi docenti gi\u00e0 impegnati nei numerosi ospedali operanti tra San Giorgio di Nogaro, Palmanova e Latisana.\u00a0 A suffragare la caratura professionale di questo corpo docente giova la notazione che ben 7 fra i docenti svolsero nel corso della guerra la funzione di consulenti d\u2019armata (e\/o d\u2019armate) nelle rispettive specialit\u00e0 d\u2019insegnamento: Tusini, Rossi, Alberti, Samperi, D\u2019Alise, De Carli e Dionisi (per la profilassi della malaria).<\/p>\n<p>Oltre alle 16 materie<span>\u00a0<\/span><em>curriculari<span>\u00a0<\/span><\/em>d\u2019insegnamento normalmente previste per il biennio finale in tutte le facolt\u00e0 di Medicina e chirurgia italiane, i corsi accelerati del primo anno prevedevano anche Traumatologia di guerra e Protesi e Chirurgia degli arti (come complementari di Clinica chirurgica) oltre agli insegnamenti di Logistica sanitaria e di Profilassi ed Epidemologia.<span>\u00a0<\/span><em>A<span>\u00a0<\/span><\/em><em>latere<span>\u00a0<\/span><\/em>anche altri insegnamenti di base per gli studenti in arretrato con gli studi, quali: Anatomia umana, Fisiologia, Patologia speciale e chirurgica.<\/p>\n<\/section>\n<\/section>\n<\/section>\n<section class=\"capsule padded site-section scrollspy_anchor\" id=\"s5\"><\/section>\n<p>[\/et_pb_text][\/et_pb_column][\/et_pb_row][\/et_pb_section]<\/p>\n","protected":false},"excerpt":{"rendered":"<p>[\u2026] E vennero i soldati del Genio, e in due settimane costruirono le due enormi e magnifiche baracche da servire di refettorio e d\u2019alloggio agli studenti; fabbricarono, sempre in legno, i padiglioni dell\u2019Aula Magna e quello dell\u2019anfiteatro anatomico; un altro anfiteatro sistemarono in una sala del Municipio; riunirono con passaggi coperti le due ali di [&hellip;]<\/p>\n","protected":false},"author":1,"featured_media":0,"parent":0,"menu_order":0,"comment_status":"closed","ping_status":"closed","template":"","meta":{"_et_pb_use_builder":"on","_et_pb_old_content":"","_et_gb_content_width":"","footnotes":""},"class_list":["post-790","page","type-page","status-publish","hentry"],"_links":{"self":[{"href":"https:\/\/www.universitacastrense.eu\/index.php\/wp-json\/wp\/v2\/pages\/790","targetHints":{"allow":["GET"]}}],"collection":[{"href":"https:\/\/www.universitacastrense.eu\/index.php\/wp-json\/wp\/v2\/pages"}],"about":[{"href":"https:\/\/www.universitacastrense.eu\/index.php\/wp-json\/wp\/v2\/types\/page"}],"author":[{"embeddable":true,"href":"https:\/\/www.universitacastrense.eu\/index.php\/wp-json\/wp\/v2\/users\/1"}],"replies":[{"embeddable":true,"href":"https:\/\/www.universitacastrense.eu\/index.php\/wp-json\/wp\/v2\/comments?post=790"}],"version-history":[{"count":4,"href":"https:\/\/www.universitacastrense.eu\/index.php\/wp-json\/wp\/v2\/pages\/790\/revisions"}],"predecessor-version":[{"id":795,"href":"https:\/\/www.universitacastrense.eu\/index.php\/wp-json\/wp\/v2\/pages\/790\/revisions\/795"}],"wp:attachment":[{"href":"https:\/\/www.universitacastrense.eu\/index.php\/wp-json\/wp\/v2\/media?parent=790"}],"curies":[{"name":"wp","href":"https:\/\/api.w.org\/{rel}","templated":true}]}}